{"id":12953,"date":"2026-04-28T20:59:36","date_gmt":"2026-04-28T19:59:36","guid":{"rendered":"https:\/\/vertebradansa.com\/?page_id=12953"},"modified":"2026-04-28T21:58:51","modified_gmt":"2026-04-28T20:58:51","slug":"danses-africanes","status":"publish","type":"page","link":"https:\/\/vertebradansa.com\/ca\/danses-africanes\/","title":{"rendered":"Danses Africanes"},"content":{"rendered":"\t\t<div data-elementor-type=\"wp-page\" data-elementor-id=\"12953\" class=\"elementor elementor-12953\" data-elementor-post-type=\"page\">\n\t\t\t\t<div class=\"locoscroll-bg-animated wolf-core-elementor-row wolf-core-font-light elementor-element elementor-element-a74b0a3 wolf-core-font-light locoscroll-bg-parallax e-flex e-con-boxed e-con e-parent\" style=\"opacity:0;\" data-scroll=\"\" data-scroll-css-progress=\" \" data-bg-url=\"https:\/\/vertebradansa.com\/wp-content\/uploads\/2026\/04\/fons-espai-viu-33negre.jpg\" data-bg-url-tablet=\"\" data-bg-url-mobile=\"\" data-scroll-custom-offset=\"\" data-scroll-custom-duration=\"\" data-scroll-class=\"locoscroll-animate\" data-scroll-entrance-animation=\"\" data-font-skin=\"light\" data-color-tone=\"dark\" data-id=\"a74b0a3\" data-element_type=\"container\" data-e-type=\"container\" data-settings=\"{&quot;background_background&quot;:&quot;classic&quot;}\">\n\t\t\t\t\t<div class=\"e-con-inner\">\n\t\t\t\t<div class=\"elementor-element elementor-element-4d83f58 animated-heading-yes elementor-widget__width-initial elementor-widget elementor-widget-heading\" data-id=\"4d83f58\" data-element_type=\"widget\" data-e-type=\"widget\" data-widget_type=\"heading.default\">\n\t\t\t\t\t<h1 data-animation=\"title\" class=\"elementor-heading-title elementor-size-default\">DANSES<\/h1>\t\t\t\t<\/div>\n\t\t\t\t<div class=\"elementor-element elementor-element-26dfbd2 animated-heading-yes elementor-widget__width-initial elementor-widget elementor-widget-heading\" data-id=\"26dfbd2\" data-element_type=\"widget\" data-e-type=\"widget\" data-widget_type=\"heading.default\">\n\t\t\t\t\t<h1 data-animation=\"title\" class=\"elementor-heading-title elementor-size-default\">AFRICANES<\/h1>\t\t\t\t<\/div>\n\t\t<div data-scroll-custom-offset=\"\" data-scroll-custom-duration=\"\" data-scroll-css-progress=\"\" data-scroll-class=\"locoscroll-animate\" data-scroll-entrance-animation=\"\" class=\"wolf-core-elementor-row wolf-core-font- elementor-element elementor-element-d2a4776 e-con-full e-flex e-con e-child\" data-font-skin=\"\" data-color-tone=\"\" data-id=\"d2a4776\" data-element_type=\"container\" data-e-type=\"container\">\n\t\t\t\t<div class=\" elementor-element elementor-element-c62e660 elementor-widget__width-initial elementor-invisible elementor-widget elementor-widget-text-editor\" data-id=\"c62e660\" data-element_type=\"widget\" data-e-type=\"widget\" data-settings=\"{&quot;_animation&quot;:&quot;fadeIn&quot;,&quot;_animation_delay&quot;:500}\" data-widget_type=\"text-editor.default\">\n\t\t\t\t\t\t\t\t\t<p><strong>Valent\u00edn Rodr\u00edguez<\/strong><br \/>De 16:30 a 18:00<br \/>Per a totes les edats<\/p>\t\t\t\t\t\t\t\t<\/div>\n\t\t<div data-scroll-custom-offset=\"\" data-scroll-custom-duration=\"\" data-scroll-css-progress=\"\" data-scroll-class=\"locoscroll-animate\" data-scroll-entrance-animation=\"\" class=\"wolf-core-elementor-row wolf-core-font- elementor-element elementor-element-b24fb22 e-con-full e-flex e-con e-child\" data-font-skin=\"\" data-color-tone=\"\" data-id=\"b24fb22\" data-element_type=\"container\" data-e-type=\"container\">\n\t\t\t\t<div class=\"elementor-element elementor-element-739c04e elementor-align-right elementor-invisible elementor-widget elementor-widget-button\" data-id=\"739c04e\" data-element_type=\"widget\" data-e-type=\"widget\" data-settings=\"{&quot;_animation&quot;:&quot;fadeIn&quot;,&quot;_animation_delay&quot;:1000}\" data-widget_type=\"button.default\">\n\t\t\t\t<div class=\"elementor-widget-container\">\n\t\t\t\t\t<div class=\"wolf-core-button-container wolf-core-element\"><a target=\"_blank\" href=\"https:\/\/docs.google.com\/forms\/d\/e\/1FAIpQLScEQrP2Fjexq_mVbIX60jUYT1uHVL2gB7HI6oHpgmb9ZRqyuQ\/viewform\" role=\"button\" class=\"wolf-core-button wolf-core-button-size-lg theme-button-secondary\" id=\"\"\n\t\t\tstyle=\"\"\n\t\t><span class=\"wolf-core-button-text\">INSCRIU-TE<\/span><\/a><\/div><!-- .wolf-core-button-container -->\t\t\t\t<\/div>\n\t\t\t\t<\/div>\n\t\t\t\t<\/div>\n\t\t\t\t<\/div>\n\t\t\t\t<div data-animation=\"paragraph\" data-animation-delay=\"0\" class=\" elementor-element elementor-element-a8e9406 animated-text-yes elementor-widget__width-initial elementor-widget elementor-widget-text-editor\" data-id=\"a8e9406\" data-element_type=\"widget\" data-e-type=\"widget\" data-widget_type=\"text-editor.default\">\n\t\t\t\t\t\t\t\t\t<p><b>Danses africanes de Guinea<\/b><\/p><p><b><br \/><\/b>El taller es concep com un espai de formaci\u00f3 i recerca del cos i el moviment, centrat en les danses africanes \u2014especialment les de Guinea\u2014, amb \u00e8mfasi en els seus aspectes t\u00e8cnics i expressius. La diversitat i singularitat dels moviments en aquestes expressions culturals de Guinea Conakry provenen de la diversitat de grups \u00e8tnics originaris de diferents comunitats populars i rurals, cadascun amb les s\u00a0 eves pr\u00f2pies mem\u00f2ries i universos simb\u00f2lics. La m\u00fasica i la dansa s\u2019utilitzen en festivitats i cerim\u00f2nies que marquen diferents etapes i moments de la vida, i formen part de la vida quotidiana d\u2019aquestes comunitats, tant en zones rurals com en grans ciutats.<\/p><p><b>Valent\u00edn Rodr\u00edguez<\/b><\/p><p><b><br \/><\/b>Ballar\u00ed, int\u00e8rpret, core\u00f2graf i docent argent\u00ed. T\u00e9 una titulaci\u00f3 en Composici\u00f3 Coreogr\u00e0fica (UPC). Des de 2016, ha desenvolupat la seva carrera a l\u2019Am\u00e8rica Llatina, Europa i \u00c0frica, treballant com a int\u00e8rpret, creador i director art\u00edstic en companyies internacionals i projectes esc\u00e8nics a l\u2019Argentina, Espanya, Fran\u00e7a, M\u00e8xic i Guinea Conakry.\u00a0 El seu treball integra danses tradicionals de l\u2019\u00c0frica Occidental amb la investigaci\u00f3 corporal contempor\u00e0nia, entenent l\u2019escena com un espai de di\u00e0leg intercultural, mem\u00f2ria i creaci\u00f3. Actualment desenvolupa projectes coreogr\u00e0fics a Espanya, Fran\u00e7a i Guinea Conakry, explorant la identitat, la migraci\u00f3 i els cossos en transici\u00f3.<\/p><p><b>Lloc<\/b><\/p><p>Carpa Xirin (Parc Municipal Teodor Gonz\u00e1lez)\u00a0<\/p><p><b>Horari | Edat<\/b><\/p><p>De 16:30 a 18:00 |\u00a0Per a totes les edats<\/p>\t\t\t\t\t\t\t\t<\/div>\n\t\t\t\t\t<\/div>\n\t\t\t\t<\/div>\n\t\t<div class=\"locoscroll-bg-animated wolf-core-elementor-row wolf-core-font-light elementor-element elementor-element-e7c776c wolf-core-font-light locoscroll-bg-parallax e-flex e-con-boxed e-con e-parent\" style=\"opacity:0;\" data-scroll=\"\" data-scroll-css-progress=\" \" data-bg-url=\"\" data-bg-url-tablet=\"\" data-bg-url-mobile=\"\" data-scroll-custom-offset=\"\" data-scroll-custom-duration=\"\" data-scroll-class=\"locoscroll-animate\" data-scroll-entrance-animation=\"\" data-font-skin=\"light\" data-color-tone=\"dark\" data-id=\"e7c776c\" data-element_type=\"container\" data-e-type=\"container\" data-settings=\"{&quot;background_background&quot;:&quot;classic&quot;}\">\n\t\t\t\t\t<div class=\"e-con-inner\">\n\t\t\t\t\t<\/div>\n\t\t\t\t<\/div>\n\t\t\t\t<\/div>\n\t\t","protected":false},"excerpt":{"rendered":"<p>DANSES AFRICANES Valent\u00edn Rodr\u00edguezDe 16:30 a 18:00Per a totes les edats INSCRIU-TE Danses africanes de Guinea El taller es concep com un espai de formaci\u00f3 i recerca del cos i el moviment, centrat en les danses africanes \u2014especialment les de Guinea\u2014, amb \u00e8mfasi en els seus aspectes t\u00e8cnics i expressius. La diversitat i singularitat dels&#8230;<\/p>\n<p><a rel=\"bookmark\" class=\"theme-button-text wolf-core-button wolf-core-button-size-md\" href=\"https:\/\/vertebradansa.com\/ca\/danses-africanes\/\"><span>Continue reading<\/span><\/a><\/p>\n","protected":false},"author":3,"featured_media":0,"parent":0,"menu_order":0,"comment_status":"closed","ping_status":"closed","template":"","meta":{"footnotes":""},"class_list":{"0":"post-12953","1":"page","2":"type-page","3":"status-publish","4":"hentry","5":"entry","6":"clearfix","7":"entry-grid","8":"entry-columns-default","9":"entry-page-module-layout-standard","10":"no-post-thumbnail","11":"entry-page","13":"entry-page-grid"},"_links":{"self":[{"href":"https:\/\/vertebradansa.com\/ca\/wp-json\/wp\/v2\/pages\/12953","targetHints":{"allow":["GET"]}}],"collection":[{"href":"https:\/\/vertebradansa.com\/ca\/wp-json\/wp\/v2\/pages"}],"about":[{"href":"https:\/\/vertebradansa.com\/ca\/wp-json\/wp\/v2\/types\/page"}],"author":[{"embeddable":true,"href":"https:\/\/vertebradansa.com\/ca\/wp-json\/wp\/v2\/users\/3"}],"replies":[{"embeddable":true,"href":"https:\/\/vertebradansa.com\/ca\/wp-json\/wp\/v2\/comments?post=12953"}],"version-history":[{"count":28,"href":"https:\/\/vertebradansa.com\/ca\/wp-json\/wp\/v2\/pages\/12953\/revisions"}],"predecessor-version":[{"id":13031,"href":"https:\/\/vertebradansa.com\/ca\/wp-json\/wp\/v2\/pages\/12953\/revisions\/13031"}],"wp:attachment":[{"href":"https:\/\/vertebradansa.com\/ca\/wp-json\/wp\/v2\/media?parent=12953"}],"curies":[{"name":"wp","href":"https:\/\/api.w.org\/{rel}","templated":true}]}}