{"id":13333,"date":"2026-04-30T11:42:24","date_gmt":"2026-04-30T10:42:24","guid":{"rendered":"https:\/\/vertebradansa.com\/?page_id=13333"},"modified":"2026-04-30T13:43:25","modified_gmt":"2026-04-30T12:43:25","slug":"dansa-creativa-expresio-corporal","status":"publish","type":"page","link":"https:\/\/vertebradansa.com\/ca\/dansa-creativa-expresio-corporal\/","title":{"rendered":"Dansa creativa i expressi\u00f3 corporal"},"content":{"rendered":"\t\t<div data-elementor-type=\"wp-page\" data-elementor-id=\"13333\" class=\"elementor elementor-13333\" data-elementor-post-type=\"page\">\n\t\t\t\t<div class=\"locoscroll-bg-animated wolf-core-elementor-row wolf-core-font-light elementor-element elementor-element-a74b0a3 wolf-core-font-light locoscroll-bg-parallax e-flex e-con-boxed e-con e-parent\" style=\"opacity:0;\" data-scroll=\"\" data-scroll-css-progress=\" \" data-bg-url=\"https:\/\/vertebradansa.com\/wp-content\/uploads\/2026\/04\/laura-ibanez-bn.jpg\" data-bg-url-tablet=\"\" data-bg-url-mobile=\"\" data-scroll-custom-offset=\"\" data-scroll-custom-duration=\"\" data-scroll-class=\"locoscroll-animate\" data-scroll-entrance-animation=\"\" data-font-skin=\"light\" data-color-tone=\"dark\" data-id=\"a74b0a3\" data-element_type=\"container\" data-e-type=\"container\" data-settings=\"{&quot;background_background&quot;:&quot;classic&quot;}\">\n\t\t\t\t\t<div class=\"e-con-inner\">\n\t\t\t\t<div class=\"elementor-element elementor-element-4d83f58 animated-heading-yes elementor-widget__width-initial elementor-widget elementor-widget-heading\" data-id=\"4d83f58\" data-element_type=\"widget\" data-e-type=\"widget\" data-widget_type=\"heading.default\">\n\t\t\t\t\t<h1 data-animation=\"title\" class=\"elementor-heading-title elementor-size-default\">DANSA CREATIVA<\/h1>\t\t\t\t<\/div>\n\t\t\t\t<div class=\"elementor-element elementor-element-26dfbd2 animated-heading-yes elementor-widget__width-initial elementor-widget elementor-widget-heading\" data-id=\"26dfbd2\" data-element_type=\"widget\" data-e-type=\"widget\" data-widget_type=\"heading.default\">\n\t\t\t\t\t<h1 data-animation=\"title\" class=\"elementor-heading-title elementor-size-default\">I EXPRESI\u00d3 CORPORAL<\/h1>\t\t\t\t<\/div>\n\t\t<div data-scroll-custom-offset=\"\" data-scroll-custom-duration=\"\" data-scroll-css-progress=\"\" data-scroll-class=\"locoscroll-animate\" data-scroll-entrance-animation=\"\" class=\"wolf-core-elementor-row wolf-core-font- elementor-element elementor-element-d2a4776 e-con-full e-flex e-con e-child\" data-font-skin=\"\" data-color-tone=\"\" data-id=\"d2a4776\" data-element_type=\"container\" data-e-type=\"container\">\n\t\t<div data-scroll-custom-offset=\"\" data-scroll-custom-duration=\"\" data-scroll-css-progress=\"\" data-scroll-class=\"locoscroll-animate\" data-scroll-entrance-animation=\"\" class=\"wolf-core-elementor-row wolf-core-font- elementor-element elementor-element-dc6b356 e-con-full e-flex e-con e-child\" data-font-skin=\"\" data-color-tone=\"\" data-id=\"dc6b356\" data-element_type=\"container\" data-e-type=\"container\">\n\t\t\t\t<div class=\" elementor-element elementor-element-c62e660 elementor-widget__width-initial elementor-widget-mobile__width-initial elementor-invisible elementor-widget elementor-widget-text-editor\" data-id=\"c62e660\" data-element_type=\"widget\" data-e-type=\"widget\" data-settings=\"{&quot;_animation&quot;:&quot;fadeIn&quot;,&quot;_animation_delay&quot;:500}\" data-widget_type=\"text-editor.default\">\n\t\t\t\t\t\t\t\t\t<p><strong>Laura Iba\u00f1ez<\/strong><br \/><span style=\"font-weight: 400;\">De 9:30 a 11:00<\/span><br \/><span style=\"font-weight: 400;\">Per a menors de 14 anys<\/span><\/p>\t\t\t\t\t\t\t\t<\/div>\n\t\t\t\t<div data-animation=\"paragraph\" data-animation-delay=\"0\" class=\" elementor-element elementor-element-a8e9406 animated-text-yes elementor-widget__width-initial elementor-widget elementor-widget-text-editor\" data-id=\"a8e9406\" data-element_type=\"widget\" data-e-type=\"widget\" data-widget_type=\"text-editor.default\">\n\t\t\t\t\t\t\t\t\t<p><span style=\"font-weight: 400;\">En aquest Taller de dansa creativa i expressi\u00f3 corporal s\u2019exploraran les diferents possibilitats del nostre cos com a eina d\u2019expressi\u00f3 i de moviment a trav\u00e9s de diversos jocs i exercicis, amb l\u2019objectiu de fomentar la creativitat de cadasc\u00fa, alhora que es treballen la coordinaci\u00f3 i la musicalitat.<\/span><span style=\"font-weight: 400;\">Es potenciar\u00e0 la consci\u00e8ncia corporal, l\u2019escolta i el treball en equip, el ritme, la imaginaci\u00f3 i la identificaci\u00f3 i corporalitat de les emocions, per tal de poder expressar-les a trav\u00e9s de la dansa, connectant aix\u00ed amb un mateix, amb els companys i amb el p\u00fablic.<\/span><\/p><p><span style=\"font-weight: 400;\">A m\u00e9s, el taller introduir\u00e0 els principis inicials de la dansa contempor\u00e0nia, com ara el les diferents qualitats de moviment, la relaci\u00f3 entre l\u2019espai i el terra, aix\u00ed com nocions b\u00e0siques de t\u00e8cnica contempor\u00e0nia. Aquest aprenentatge proporcionar\u00e0 eines perqu\u00e8 els ampli\u00efn el seu vocabulari corporal i guanyin seguretat en el moviment.<\/span><span style=\"font-weight: 400;\">L\u2019objectiu principal \u00e9s, sobretot, gaudir del moviment i de la dansa dins d\u2019un ambient segur, inclusiu i estimulant, on cada participar pugui cr\u00e9ixer art\u00edsticament i personalment al seu propi ritme.<\/span><\/p>\t\t\t\t\t\t\t\t<\/div>\n\t\t\t\t<div class=\" elementor-element elementor-element-c66515b elementor-widget elementor-widget-text-editor\" data-id=\"c66515b\" data-element_type=\"widget\" data-e-type=\"widget\" data-widget_type=\"text-editor.default\">\n\t\t\t\t\t\t\t\t\t<b>Laura Iba\u00f1ez<\/b>\t\t\t\t\t\t\t\t<\/div>\n\t\t\t\t<div data-animation=\"paragraph\" data-animation-delay=\"0\" class=\" elementor-element elementor-element-3496a5f animated-text-yes elementor-widget__width-initial elementor-widget elementor-widget-text-editor\" data-id=\"3496a5f\" data-element_type=\"widget\" data-e-type=\"widget\" data-widget_type=\"text-editor.default\">\n\t\t\t\t\t\t\t\t\t<p><span style=\"font-weight: 400;\">\u00c9s ballarina, core\u00f2grafa i professora d\u2019Amposta establerta a Arnhem, Pa\u00efsos Baixos. Des de ben petita, va descobrir el poder de la dansa a trav\u00e9s de les actuacions que feia cada cop que sentia m\u00fasica i tamb\u00e9 a partir de la connexi\u00f3 que es crea amb la gent. Continuant amb aquesta recerca de la connexi\u00f3, considera que l\u2019encarnaci\u00f3 de l&#8217;emoci\u00f3 i la performativitat a l\u2019hora de ballar \u00e9s una manera de tocar i revelar tots els paisatges emocionals que la gent sovint amaga dins seu. Com a creadora, li interessen els entorns immersius creatius i espec\u00edfics que combinen teatralitat i fisicalitat. <\/span><span style=\"font-weight: 400;\">Ha col\u00b7laborat amb core\u00f2grafs internacionals com Anne Suurendonk, Rakesh Sukesh, Roser L\u00f3pez Espiniosa o Albert Galindo. Una gran experi\u00e8ncia per a ella va ser anar a l&#8217;Assembl\u00e9e International de Toronto al 2022, on va poder participar en una coreografia de Nnamdi Nwguru i on va comen\u00e7ar la seva introducci\u00f3 al m\u00f3n de la dansa professional.<\/span><\/p>\t\t\t\t\t\t\t\t<\/div>\n\t\t\t\t<\/div>\n\t\t<div data-scroll-custom-offset=\"\" data-scroll-custom-duration=\"\" data-scroll-css-progress=\"\" data-scroll-class=\"locoscroll-animate\" data-scroll-entrance-animation=\"\" class=\"wolf-core-elementor-row wolf-core-font- elementor-element elementor-element-b24fb22 e-con-full e-flex e-con e-child\" data-font-skin=\"\" data-color-tone=\"\" data-id=\"b24fb22\" data-element_type=\"container\" data-e-type=\"container\">\n\t\t\t\t<div class=\"elementor-element elementor-element-739c04e elementor-align-right elementor-invisible elementor-widget elementor-widget-button\" data-id=\"739c04e\" data-element_type=\"widget\" data-e-type=\"widget\" data-settings=\"{&quot;_animation&quot;:&quot;fadeIn&quot;,&quot;_animation_delay&quot;:1000}\" data-widget_type=\"button.default\">\n\t\t\t\t<div class=\"elementor-widget-container\">\n\t\t\t\t\t<div class=\"wolf-core-button-container wolf-core-element\"><a target=\"_blank\" href=\"https:\/\/docs.google.com\/forms\/d\/e\/1FAIpQLScu6fd6TnEJdqYb8bVZXjUVwat_cNaS1a3NkWHmZDpBQOGqpw\/viewform?usp=dialog\" role=\"button\" class=\"wolf-core-button wolf-core-button-size-lg theme-button-secondary\" id=\"\"\n\t\t\tstyle=\"\"\n\t\t><span class=\"wolf-core-button-text\">INSCRIU-TE<\/span><\/a><\/div><!-- .wolf-core-button-container -->\t\t\t\t<\/div>\n\t\t\t\t<\/div>\n\t\t\t\t<div data-animation=\"paragraph\" data-animation-delay=\"0\" class=\" elementor-element elementor-element-ecae65d animated-text-yes elementor-widget__width-initial elementor-widget elementor-widget-text-editor\" data-id=\"ecae65d\" data-element_type=\"widget\" data-e-type=\"widget\" data-widget_type=\"text-editor.default\">\n\t\t\t\t\t\t\t\t\t<p><b>Lloc:\u00a0<br \/><\/b>Carpa circ V\u00e8rtebra Dansa<\/p><p><b>Horari:<br \/><\/b>De 9:30 a 11:00<\/p><p><b>Edat:<br \/><\/b>Per a menors de 14 anys<\/p>\t\t\t\t\t\t\t\t<\/div>\n\t\t\t\t<\/div>\n\t\t\t\t<\/div>\n\t\t\t\t\t<\/div>\n\t\t\t\t<\/div>\n\t\t<div class=\"locoscroll-bg-animated wolf-core-elementor-row wolf-core-font-light elementor-element elementor-element-e7c776c wolf-core-font-light locoscroll-bg-parallax e-flex e-con-boxed e-con e-parent\" style=\"opacity:0;\" data-scroll=\"\" data-scroll-css-progress=\" \" data-bg-url=\"\" data-bg-url-tablet=\"\" data-bg-url-mobile=\"\" data-scroll-custom-offset=\"\" data-scroll-custom-duration=\"\" data-scroll-class=\"locoscroll-animate\" data-scroll-entrance-animation=\"\" data-font-skin=\"light\" data-color-tone=\"dark\" data-id=\"e7c776c\" data-element_type=\"container\" data-e-type=\"container\" data-settings=\"{&quot;background_background&quot;:&quot;classic&quot;}\">\n\t\t\t\t\t<div class=\"e-con-inner\">\n\t\t\t\t\t<\/div>\n\t\t\t\t<\/div>\n\t\t\t\t<\/div>\n\t\t","protected":false},"excerpt":{"rendered":"<p>DANSA CREATIVA I EXPRESI\u00d3 CORPORAL Laura Iba\u00f1ezDe 9:30 a 11:00Per a menors de 14 anys En aquest Taller de dansa creativa i expressi\u00f3 corporal s\u2019exploraran les diferents possibilitats del nostre cos com a eina d\u2019expressi\u00f3 i de moviment a trav\u00e9s de diversos jocs i exercicis, amb l\u2019objectiu de fomentar la creativitat de cadasc\u00fa, alhora que&#8230;<\/p>\n<p><a rel=\"bookmark\" class=\"theme-button-text wolf-core-button wolf-core-button-size-md\" href=\"https:\/\/vertebradansa.com\/ca\/dansa-creativa-expresio-corporal\/\"><span>Continue reading<\/span><\/a><\/p>\n","protected":false},"author":1,"featured_media":0,"parent":0,"menu_order":0,"comment_status":"closed","ping_status":"closed","template":"","meta":{"footnotes":""},"class_list":{"0":"post-13333","1":"page","2":"type-page","3":"status-publish","4":"hentry","5":"entry","6":"clearfix","7":"entry-grid","8":"entry-columns-default","9":"entry-page-module-layout-standard","10":"no-post-thumbnail","11":"entry-page","13":"entry-page-grid"},"_links":{"self":[{"href":"https:\/\/vertebradansa.com\/ca\/wp-json\/wp\/v2\/pages\/13333","targetHints":{"allow":["GET"]}}],"collection":[{"href":"https:\/\/vertebradansa.com\/ca\/wp-json\/wp\/v2\/pages"}],"about":[{"href":"https:\/\/vertebradansa.com\/ca\/wp-json\/wp\/v2\/types\/page"}],"author":[{"embeddable":true,"href":"https:\/\/vertebradansa.com\/ca\/wp-json\/wp\/v2\/users\/1"}],"replies":[{"embeddable":true,"href":"https:\/\/vertebradansa.com\/ca\/wp-json\/wp\/v2\/comments?post=13333"}],"version-history":[{"count":7,"href":"https:\/\/vertebradansa.com\/ca\/wp-json\/wp\/v2\/pages\/13333\/revisions"}],"predecessor-version":[{"id":13387,"href":"https:\/\/vertebradansa.com\/ca\/wp-json\/wp\/v2\/pages\/13333\/revisions\/13387"}],"wp:attachment":[{"href":"https:\/\/vertebradansa.com\/ca\/wp-json\/wp\/v2\/media?parent=13333"}],"curies":[{"name":"wp","href":"https:\/\/api.w.org\/{rel}","templated":true}]}}