{"id":13342,"date":"2026-04-30T11:49:47","date_gmt":"2026-04-30T10:49:47","guid":{"rendered":"https:\/\/vertebradansa.com\/?page_id=13342"},"modified":"2026-04-30T13:12:17","modified_gmt":"2026-04-30T12:12:17","slug":"afro-fusion","status":"publish","type":"page","link":"https:\/\/vertebradansa.com\/ca\/afro-fusion\/","title":{"rendered":"Afro fusion"},"content":{"rendered":"\t\t<div data-elementor-type=\"wp-page\" data-elementor-id=\"13342\" class=\"elementor elementor-13342\" data-elementor-post-type=\"page\">\n\t\t\t\t<div class=\"locoscroll-bg-animated wolf-core-elementor-row wolf-core-font-light elementor-element elementor-element-a74b0a3 wolf-core-font-light locoscroll-bg-parallax e-flex e-con-boxed e-con e-parent\" style=\"opacity:0;\" data-scroll=\"\" data-scroll-css-progress=\" \" data-bg-url=\"https:\/\/vertebradansa.com\/wp-content\/uploads\/2026\/04\/Alleyne-BiN-e1777546257640.png\" data-bg-url-tablet=\"\" data-bg-url-mobile=\"\" data-scroll-custom-offset=\"\" data-scroll-custom-duration=\"\" data-scroll-class=\"locoscroll-animate\" data-scroll-entrance-animation=\"\" data-font-skin=\"light\" data-color-tone=\"dark\" data-id=\"a74b0a3\" data-element_type=\"container\" data-e-type=\"container\" data-settings=\"{&quot;background_background&quot;:&quot;classic&quot;}\">\n\t\t\t\t\t<div class=\"e-con-inner\">\n\t\t\t\t<div class=\"elementor-element elementor-element-4d83f58 animated-heading-yes elementor-widget__width-initial elementor-widget elementor-widget-heading\" data-id=\"4d83f58\" data-element_type=\"widget\" data-e-type=\"widget\" data-widget_type=\"heading.default\">\n\t\t\t\t\t<h1 data-animation=\"title\" class=\"elementor-heading-title elementor-size-default\">AFRO<\/h1>\t\t\t\t<\/div>\n\t\t\t\t<div class=\"elementor-element elementor-element-26dfbd2 animated-heading-yes elementor-widget__width-initial elementor-widget elementor-widget-heading\" data-id=\"26dfbd2\" data-element_type=\"widget\" data-e-type=\"widget\" data-widget_type=\"heading.default\">\n\t\t\t\t\t<h1 data-animation=\"title\" class=\"elementor-heading-title elementor-size-default\">FUSION<\/h1>\t\t\t\t<\/div>\n\t\t<div data-scroll-custom-offset=\"\" data-scroll-custom-duration=\"\" data-scroll-css-progress=\"\" data-scroll-class=\"locoscroll-animate\" data-scroll-entrance-animation=\"\" class=\"wolf-core-elementor-row wolf-core-font- elementor-element elementor-element-d2a4776 e-con-full e-flex e-con e-child\" data-font-skin=\"\" data-color-tone=\"\" data-id=\"d2a4776\" data-element_type=\"container\" data-e-type=\"container\">\n\t\t<div data-scroll-custom-offset=\"\" data-scroll-custom-duration=\"\" data-scroll-css-progress=\"\" data-scroll-class=\"locoscroll-animate\" data-scroll-entrance-animation=\"\" class=\"wolf-core-elementor-row wolf-core-font- elementor-element elementor-element-dc6b356 e-con-full e-flex e-con e-child\" data-font-skin=\"\" data-color-tone=\"\" data-id=\"dc6b356\" data-element_type=\"container\" data-e-type=\"container\">\n\t\t\t\t<div class=\" elementor-element elementor-element-c62e660 elementor-widget__width-initial elementor-widget-mobile__width-initial elementor-invisible elementor-widget elementor-widget-text-editor\" data-id=\"c62e660\" data-element_type=\"widget\" data-e-type=\"widget\" data-settings=\"{&quot;_animation&quot;:&quot;fadeIn&quot;,&quot;_animation_delay&quot;:500}\" data-widget_type=\"text-editor.default\">\n\t\t\t\t\t\t\t\t\t<p><strong>Alleyne Dance<\/strong><br \/>De 18:30 a 20:00<br \/>Per a totes les edats<\/p>\t\t\t\t\t\t\t\t<\/div>\n\t\t\t\t<div data-animation=\"paragraph\" data-animation-delay=\"0\" class=\" elementor-element elementor-element-a8e9406 animated-text-yes elementor-widget__width-initial elementor-widget elementor-widget-text-editor\" data-id=\"a8e9406\" data-element_type=\"widget\" data-e-type=\"widget\" data-widget_type=\"text-editor.default\">\n\t\t\t\t\t\t\t\t\t<span style=\"font-weight: 400;\">Afro-Fusion combina diversos estils en\u00e8rgics amb influ\u00e8ncies de danses tradicionals de Zimbabwe, Nig\u00e8ria, el Carib i Sud-\u00e0frica, aix\u00ed com d\u2019estils de dansa occidentals. \u00c9s una classe de dansa motivadora i f\u00edsicament exigent que combina moviments amb diferents g\u00e8neres musicals i que resulta molt divertida.<\/span>\t\t\t\t\t\t\t\t<\/div>\n\t\t\t\t<div class=\" elementor-element elementor-element-c66515b elementor-widget elementor-widget-text-editor\" data-id=\"c66515b\" data-element_type=\"widget\" data-e-type=\"widget\" data-widget_type=\"text-editor.default\">\n\t\t\t\t\t\t\t\t\t<b>Alleyne Dance<\/b>\t\t\t\t\t\t\t\t<\/div>\n\t\t\t\t<div data-animation=\"paragraph\" data-animation-delay=\"0\" class=\" elementor-element elementor-element-3496a5f animated-text-yes elementor-widget__width-initial elementor-widget elementor-widget-text-editor\" data-id=\"3496a5f\" data-element_type=\"widget\" data-e-type=\"widget\" data-widget_type=\"text-editor.default\">\n\t\t\t\t\t\t\t\t\t<p><span style=\"font-weight: 400;\">La multipremiada Alleyne Dance \u00e9s una companyia \u00fanica i poderosa que fusiona estils caribenys, hip-hop i kathak dins d\u2019un context de dansa contempor\u00e0nia. El seu llenguatge coreogr\u00e0fic se centra en ritmes i textures, amb un moviment atl\u00e8tic, r\u00e0pid i din\u00e0mic, amb tocs de flu\u00efdesa i lirisme. Fundada el 2014 per les germanes guardonades Kristina i Sad\u00e9 Alleyne, la companyia busca l\u2019alta qualitat i l\u2019excel\u00b7l\u00e8ncia en els seus tres objectius principals: Interpretaci\u00f3, Participaci\u00f3 i Desenvolupament.<\/span><\/p>\t\t\t\t\t\t\t\t<\/div>\n\t\t\t\t<\/div>\n\t\t<div data-scroll-custom-offset=\"\" data-scroll-custom-duration=\"\" data-scroll-css-progress=\"\" data-scroll-class=\"locoscroll-animate\" data-scroll-entrance-animation=\"\" class=\"wolf-core-elementor-row wolf-core-font- elementor-element elementor-element-b24fb22 e-con-full e-flex e-con e-child\" data-font-skin=\"\" data-color-tone=\"\" data-id=\"b24fb22\" data-element_type=\"container\" data-e-type=\"container\">\n\t\t\t\t<div class=\"elementor-element elementor-element-739c04e elementor-align-right elementor-invisible elementor-widget elementor-widget-button\" data-id=\"739c04e\" data-element_type=\"widget\" data-e-type=\"widget\" data-settings=\"{&quot;_animation&quot;:&quot;fadeIn&quot;,&quot;_animation_delay&quot;:1000}\" data-widget_type=\"button.default\">\n\t\t\t\t<div class=\"elementor-widget-container\">\n\t\t\t\t\t<div class=\"wolf-core-button-container wolf-core-element\"><a target=\"_blank\" href=\"https:\/\/docs.google.com\/forms\/d\/e\/1FAIpQLScu6fd6TnEJdqYb8bVZXjUVwat_cNaS1a3NkWHmZDpBQOGqpw\/viewform?usp=dialog\" role=\"button\" class=\"wolf-core-button wolf-core-button-size-lg theme-button-secondary\" id=\"\"\n\t\t\tstyle=\"\"\n\t\t><span class=\"wolf-core-button-text\">INSCRIU-TE<\/span><\/a><\/div><!-- .wolf-core-button-container -->\t\t\t\t<\/div>\n\t\t\t\t<\/div>\n\t\t\t\t<div data-animation=\"paragraph\" data-animation-delay=\"0\" class=\" elementor-element elementor-element-ecae65d animated-text-yes elementor-widget__width-initial elementor-widget elementor-widget-text-editor\" data-id=\"ecae65d\" data-element_type=\"widget\" data-e-type=\"widget\" data-widget_type=\"text-editor.default\">\n\t\t\t\t\t\t\t\t\t<p><b>Lloc:\u00a0<br \/><\/b>Carpa Xirin<br \/>(Parc Municipal Teodor Gonz\u00e1lez)<\/p><p><b>Horari:<br \/><\/b>De 18:30 a 20:00<\/p><p><b>Edat:<br \/><\/b>Per a totes les edats<\/p>\t\t\t\t\t\t\t\t<\/div>\n\t\t\t\t<\/div>\n\t\t\t\t<\/div>\n\t\t\t\t\t<\/div>\n\t\t\t\t<\/div>\n\t\t<div class=\"locoscroll-bg-animated wolf-core-elementor-row wolf-core-font-light elementor-element elementor-element-e7c776c wolf-core-font-light locoscroll-bg-parallax e-flex e-con-boxed e-con e-parent\" style=\"opacity:0;\" data-scroll=\"\" data-scroll-css-progress=\" \" data-bg-url=\"\" data-bg-url-tablet=\"\" data-bg-url-mobile=\"\" data-scroll-custom-offset=\"\" data-scroll-custom-duration=\"\" data-scroll-class=\"locoscroll-animate\" data-scroll-entrance-animation=\"\" data-font-skin=\"light\" data-color-tone=\"dark\" data-id=\"e7c776c\" data-element_type=\"container\" data-e-type=\"container\" data-settings=\"{&quot;background_background&quot;:&quot;classic&quot;}\">\n\t\t\t\t\t<div class=\"e-con-inner\">\n\t\t\t\t\t<\/div>\n\t\t\t\t<\/div>\n\t\t\t\t<\/div>\n\t\t","protected":false},"excerpt":{"rendered":"<p>AFRO FUSION Alleyne DanceDe 18:30 a 20:00Per a totes les edats Afro-Fusion combina diversos estils en\u00e8rgics amb influ\u00e8ncies de danses tradicionals de Zimbabwe, Nig\u00e8ria, el Carib i Sud-\u00e0frica, aix\u00ed com d\u2019estils de dansa occidentals. \u00c9s una classe de dansa motivadora i f\u00edsicament exigent que combina moviments amb diferents g\u00e8neres musicals i que resulta molt divertida.Alleyne&#8230;<\/p>\n<p><a rel=\"bookmark\" class=\"theme-button-text wolf-core-button wolf-core-button-size-md\" href=\"https:\/\/vertebradansa.com\/ca\/afro-fusion\/\"><span>Continue reading<\/span><\/a><\/p>\n","protected":false},"author":1,"featured_media":0,"parent":0,"menu_order":0,"comment_status":"closed","ping_status":"closed","template":"","meta":{"footnotes":""},"class_list":{"0":"post-13342","1":"page","2":"type-page","3":"status-publish","4":"hentry","5":"entry","6":"clearfix","7":"entry-grid","8":"entry-columns-default","9":"entry-page-module-layout-standard","10":"no-post-thumbnail","11":"entry-page","13":"entry-page-grid"},"_links":{"self":[{"href":"https:\/\/vertebradansa.com\/ca\/wp-json\/wp\/v2\/pages\/13342","targetHints":{"allow":["GET"]}}],"collection":[{"href":"https:\/\/vertebradansa.com\/ca\/wp-json\/wp\/v2\/pages"}],"about":[{"href":"https:\/\/vertebradansa.com\/ca\/wp-json\/wp\/v2\/types\/page"}],"author":[{"embeddable":true,"href":"https:\/\/vertebradansa.com\/ca\/wp-json\/wp\/v2\/users\/1"}],"replies":[{"embeddable":true,"href":"https:\/\/vertebradansa.com\/ca\/wp-json\/wp\/v2\/comments?post=13342"}],"version-history":[{"count":10,"href":"https:\/\/vertebradansa.com\/ca\/wp-json\/wp\/v2\/pages\/13342\/revisions"}],"predecessor-version":[{"id":13381,"href":"https:\/\/vertebradansa.com\/ca\/wp-json\/wp\/v2\/pages\/13342\/revisions\/13381"}],"wp:attachment":[{"href":"https:\/\/vertebradansa.com\/ca\/wp-json\/wp\/v2\/media?parent=13342"}],"curies":[{"name":"wp","href":"https:\/\/api.w.org\/{rel}","templated":true}]}}