{"id":17771,"date":"2026-07-06T14:04:29","date_gmt":"2026-07-06T13:04:29","guid":{"rendered":"https:\/\/vertebradansa.com\/?page_id=17771"},"modified":"2026-07-18T09:15:22","modified_gmt":"2026-07-18T08:15:22","slug":"espais","status":"publish","type":"page","link":"https:\/\/vertebradansa.com\/ca\/espais\/","title":{"rendered":"Espais"},"content":{"rendered":"\t\t<div data-elementor-type=\"wp-page\" data-elementor-id=\"17771\" class=\"elementor elementor-17771\" data-elementor-post-type=\"page\">\n\t\t\t\t<div data-scroll-custom-offset=\"\" data-scroll-custom-duration=\"\" data-scroll-css-progress=\"\" data-scroll-class=\"locoscroll-animate\" data-scroll-entrance-animation=\"\" class=\"wolf-core-elementor-row wolf-core-font- elementor-element elementor-element-59589b1 e-flex e-con-boxed e-con e-parent\" data-font-skin=\"\" data-color-tone=\"\" data-id=\"59589b1\" data-element_type=\"container\" data-e-type=\"container\" data-settings=\"{&quot;background_background&quot;:&quot;classic&quot;}\">\n\t\t\t\t\t<div class=\"e-con-inner\">\n\t\t\t\t<div class=\"elementor-element elementor-element-4d83f58 animated-heading-yes elementor-widget__width-initial elementor-widget elementor-widget-heading\" data-id=\"4d83f58\" data-element_type=\"widget\" data-e-type=\"widget\" data-widget_type=\"heading.default\">\n\t\t\t\t\t<h1 data-animation=\"title\" class=\"elementor-heading-title elementor-size-default\">ESPAIS<\/h1>\t\t\t\t<\/div>\n\t\t\t\t<div data-animation=\"paragraph\" data-animation-delay=\"0\" class=\" elementor-element elementor-element-e8137a3 animated-text-yes elementor-widget__width-initial elementor-widget elementor-widget-text-editor\" data-id=\"e8137a3\" data-element_type=\"widget\" data-e-type=\"widget\" data-widget_type=\"text-editor.default\">\n\t\t\t\t\t\t\t\t\t<p>Vertebra Dansa transforma Tortosa en un gran escenari obert, on cada espai es converteix en un punt de trobada entre la creaci\u00f3, la formaci\u00f3 i el p\u00fablic. Des de sales dedicades als tallers professionals fins a places, parcs i espais patrimonials que acullen espectacles i activitats, el festival s&#8217;est\u00e9n per la ciutat per crear una experi\u00e8ncia viva, propera i immersiva.<\/p>\t\t\t\t\t\t\t\t<\/div>\n\t\t<div class=\"locoscroll-bg-animated wolf-core-elementor-row wolf-core-font-light elementor-element elementor-element-d0e1500 wolf-core-font-light locoscroll-bg-parallax e-con-full elementor-hidden-mobile e-flex e-con e-child\" style=\"opacity:0;\" data-scroll=\"\" data-scroll-css-progress=\" \" data-bg-url=\"\" data-scroll-custom-offset=\"\" data-scroll-custom-duration=\"\" data-scroll-class=\"locoscroll-animate\" data-scroll-entrance-animation=\"\" data-font-skin=\"light\" data-color-tone=\"dark\" data-id=\"d0e1500\" data-element_type=\"container\" data-e-type=\"container\" data-settings=\"{&quot;background_background&quot;:&quot;classic&quot;}\">\n\t\t\t\t<\/div>\n\t\t<div data-scroll-custom-offset=\"\" data-scroll-custom-duration=\"\" data-scroll-css-progress=\"\" data-scroll-class=\"locoscroll-animate\" data-scroll-entrance-animation=\"\" class=\"wolf-core-elementor-row wolf-core-font- elementor-element elementor-element-75a70d6 e-con-full e-flex e-con e-child\" data-font-skin=\"\" data-color-tone=\"\" data-id=\"75a70d6\" data-element_type=\"container\" data-e-type=\"container\">\n\t\t<div data-scroll-custom-offset=\"\" data-scroll-custom-duration=\"\" data-scroll-css-progress=\"\" data-scroll-class=\"locoscroll-animate\" data-scroll-entrance-animation=\"\" class=\"wolf-core-elementor-row wolf-core-font- elementor-element elementor-element-addd05c e-con-full e-flex e-con e-child\" data-font-skin=\"\" data-color-tone=\"\" data-id=\"addd05c\" data-element_type=\"container\" data-e-type=\"container\">\n\t\t\t\t<div class=\" elementor-element elementor-element-287aae5 elementor-widget elementor-widget-image\" data-id=\"287aae5\" data-element_type=\"widget\" data-e-type=\"widget\" data-widget_type=\"image.default\">\n\t\t\t\t\t\t\t\t\t\t\t\t\t\t\t\t<a href=\"https:\/\/maps.app.goo.gl\/6waFof9thTtkA3jt6\" target=\"_blank\">\n\t\t\t\t\t\t\t<img fetchpriority=\"high\" decoding=\"async\" width=\"500\" height=\"300\" src=\"https:\/\/vertebradansa.com\/wp-content\/uploads\/2026\/07\/Carpa-Vertebra-Dansa.jpg\" class=\"attachment-large size-large wp-image-18119\" alt=\"\" srcset=\"https:\/\/vertebradansa.com\/wp-content\/uploads\/2026\/07\/Carpa-Vertebra-Dansa.jpg 500w, https:\/\/vertebradansa.com\/wp-content\/uploads\/2026\/07\/Carpa-Vertebra-Dansa-300x180.jpg 300w, https:\/\/vertebradansa.com\/wp-content\/uploads\/2026\/07\/Carpa-Vertebra-Dansa-400x240.jpg 400w\" sizes=\"(max-width: 500px) 100vw, 500px\" \/>\t\t\t\t\t\t\t\t<\/a>\n\t\t\t\t\t\t\t\t\t\t\t\t\t\t\t<\/div>\n\t\t\t\t<\/div>\n\t\t<div data-scroll-custom-offset=\"\" data-scroll-custom-duration=\"\" data-scroll-css-progress=\"\" data-scroll-class=\"locoscroll-animate\" data-scroll-entrance-animation=\"\" class=\"wolf-core-elementor-row wolf-core-font- elementor-element elementor-element-9674386 e-con-full e-flex e-con e-child\" data-font-skin=\"\" data-color-tone=\"\" data-id=\"9674386\" data-element_type=\"container\" data-e-type=\"container\">\n\t\t\t\t<div data-animation=\"paragraph\" data-animation-delay=\"0\" class=\" elementor-element elementor-element-d2634f2 animated-text-yes elementor-widget__width-initial elementor-widget elementor-widget-text-editor\" data-id=\"d2634f2\" data-element_type=\"widget\" data-e-type=\"widget\" data-widget_type=\"text-editor.default\">\n\t\t\t\t\t\t\t\t\t<a href=\"https:\/\/maps.app.goo.gl\/G3UxUVRqNKvX7Vty7\" target=\"_blank\" rel=\"noopener\">CARPA VERTEBRA DANSA<\/a> \t\t\t\t\t\t\t\t<\/div>\n\t\t\t\t<div data-animation=\"paragraph\" data-animation-delay=\"0\" class=\" elementor-element elementor-element-9830a0e animated-text-yes elementor-widget__width-initial elementor-widget elementor-widget-text-editor\" data-id=\"9830a0e\" data-element_type=\"widget\" data-e-type=\"widget\" data-widget_type=\"text-editor.default\">\n\t\t\t\t\t\t\t\t\tPasseig de Joan Moreira, 7, Tortosa\t\t\t\t\t\t\t\t<\/div>\n\t\t\t\t<div data-animation=\"paragraph\" data-animation-delay=\"0\" class=\" elementor-element elementor-element-9bacecc animated-text-yes elementor-widget__width-initial elementor-widget elementor-widget-text-editor\" data-id=\"9bacecc\" data-element_type=\"widget\" data-e-type=\"widget\" data-widget_type=\"text-editor.default\">\n\t\t\t\t\t\t\t\t\t<p>La Carpa VERTEBRA DANSA \u00e9s el cor dels espectacles del Festival. La trobar\u00e0s a l&#8217;aparcament que hi ha davant de l&#8217;entrada de l&#8217;auditori Felip Pedrell de Tortosa.\u00a0<\/p>\t\t\t\t\t\t\t\t<\/div>\n\t\t\t\t<\/div>\n\t\t\t\t<\/div>\n\t\t<div class=\"locoscroll-bg-animated wolf-core-elementor-row wolf-core-font-light elementor-element elementor-element-4f6b2c8 wolf-core-font-light locoscroll-bg-parallax e-con-full elementor-hidden-mobile e-flex e-con e-child\" style=\"opacity:0;\" data-scroll=\"\" data-scroll-css-progress=\" \" data-bg-url=\"\" data-scroll-custom-offset=\"\" data-scroll-custom-duration=\"\" data-scroll-class=\"locoscroll-animate\" data-scroll-entrance-animation=\"\" data-font-skin=\"light\" data-color-tone=\"dark\" data-id=\"4f6b2c8\" data-element_type=\"container\" data-e-type=\"container\" data-settings=\"{&quot;background_background&quot;:&quot;classic&quot;}\">\n\t\t\t\t<\/div>\n\t\t<div data-scroll-custom-offset=\"\" data-scroll-custom-duration=\"\" data-scroll-css-progress=\"\" data-scroll-class=\"locoscroll-animate\" data-scroll-entrance-animation=\"\" class=\"wolf-core-elementor-row wolf-core-font- elementor-element elementor-element-205c2d0 e-con-full e-flex e-con e-child\" data-font-skin=\"\" data-color-tone=\"\" data-id=\"205c2d0\" data-element_type=\"container\" data-e-type=\"container\">\n\t\t\t\t<div class=\" elementor-element elementor-element-6ad138b elementor-hidden-desktop elementor-hidden-tablet elementor-widget__width-initial elementor-widget-mobile__width-initial elementor-widget elementor-widget-image\" data-id=\"6ad138b\" data-element_type=\"widget\" data-e-type=\"widget\" data-widget_type=\"image.default\">\n\t\t\t\t\t\t\t\t\t\t\t\t\t\t\t\t<a href=\"https:\/\/maps.app.goo.gl\/y2SzdVPz841opArRA\" target=\"_blank\">\n\t\t\t\t\t\t\t<img decoding=\"async\" width=\"500\" height=\"300\" src=\"https:\/\/vertebradansa.com\/wp-content\/uploads\/2026\/07\/Pati-Tillers.jpg\" class=\"attachment-large size-large wp-image-18113\" alt=\"\" srcset=\"https:\/\/vertebradansa.com\/wp-content\/uploads\/2026\/07\/Pati-Tillers.jpg 500w, https:\/\/vertebradansa.com\/wp-content\/uploads\/2026\/07\/Pati-Tillers-300x180.jpg 300w, https:\/\/vertebradansa.com\/wp-content\/uploads\/2026\/07\/Pati-Tillers-400x240.jpg 400w\" sizes=\"(max-width: 500px) 100vw, 500px\" \/>\t\t\t\t\t\t\t\t<\/a>\n\t\t\t\t\t\t\t\t\t\t\t\t\t\t\t<\/div>\n\t\t<div data-scroll-custom-offset=\"\" data-scroll-custom-duration=\"\" data-scroll-css-progress=\"\" data-scroll-class=\"locoscroll-animate\" data-scroll-entrance-animation=\"\" class=\"wolf-core-elementor-row wolf-core-font- elementor-element elementor-element-f138bd6 e-con-full e-flex e-con e-child\" data-font-skin=\"\" data-color-tone=\"\" data-id=\"f138bd6\" data-element_type=\"container\" data-e-type=\"container\">\n\t\t\t\t<div data-animation=\"paragraph\" data-animation-delay=\"0\" class=\" elementor-element elementor-element-b2b2b22 animated-text-yes elementor-widget__width-initial elementor-widget elementor-widget-text-editor\" data-id=\"b2b2b22\" data-element_type=\"widget\" data-e-type=\"widget\" data-widget_type=\"text-editor.default\">\n\t\t\t\t\t\t\t\t\t<a href=\"https:\/\/maps.app.goo.gl\/y2SzdVPz841opArRA\" target=\"_blank\" rel=\"noopener\">PATI DELS TIL\u00b7LERS<\/a>\t\t\t\t\t\t\t\t<\/div>\n\t\t\t\t<div data-animation=\"paragraph\" data-animation-delay=\"0\" class=\" elementor-element elementor-element-8b927d5 animated-text-yes elementor-widget__width-initial elementor-widget elementor-widget-text-editor\" data-id=\"8b927d5\" data-element_type=\"widget\" data-e-type=\"widget\" data-widget_type=\"text-editor.default\">\n\t\t\t\t\t\t\t\t\tUrb. Torre d&#8217;en Gil, s\/n, Roquetes\t\t\t\t\t\t\t\t<\/div>\n\t\t\t\t<div data-animation=\"paragraph\" data-animation-delay=\"0\" class=\" elementor-element elementor-element-d3062f0 animated-text-yes elementor-widget__width-initial elementor-widget elementor-widget-text-editor\" data-id=\"d3062f0\" data-element_type=\"widget\" data-e-type=\"widget\" data-widget_type=\"text-editor.default\">\n\t\t\t\t\t\t\t\t\t<p>Amb la col\u00b7laboraci\u00f3 de l&#8217;Ajuntament de Roquetes el Pati dels Til\u00b7lers del Centre C\u00edvic de Roquetes ser\u00e0 l&#8217;escenari de tres espectacles de carrer del festival que es presentaran els dies 18, 20 i 22 de juliol.<\/p>\t\t\t\t\t\t\t\t<\/div>\n\t\t\t\t<\/div>\n\t\t<div data-scroll-custom-offset=\"\" data-scroll-custom-duration=\"\" data-scroll-css-progress=\"\" data-scroll-class=\"locoscroll-animate\" data-scroll-entrance-animation=\"\" class=\"wolf-core-elementor-row wolf-core-font- elementor-element elementor-element-03225d5 e-con-full e-flex e-con e-child\" data-font-skin=\"\" data-color-tone=\"\" data-id=\"03225d5\" data-element_type=\"container\" data-e-type=\"container\">\n\t\t\t\t<div class=\" elementor-element elementor-element-616d4bc elementor-hidden-mobile elementor-widget elementor-widget-image\" data-id=\"616d4bc\" data-element_type=\"widget\" data-e-type=\"widget\" data-widget_type=\"image.default\">\n\t\t\t\t\t\t\t\t\t\t\t\t\t\t\t\t<a href=\"https:\/\/maps.app.goo.gl\/y2SzdVPz841opArRA\" target=\"_blank\">\n\t\t\t\t\t\t\t<img decoding=\"async\" width=\"500\" height=\"300\" src=\"https:\/\/vertebradansa.com\/wp-content\/uploads\/2026\/07\/Pati-Tillers.jpg\" class=\"attachment-large size-large wp-image-18113\" alt=\"\" srcset=\"https:\/\/vertebradansa.com\/wp-content\/uploads\/2026\/07\/Pati-Tillers.jpg 500w, https:\/\/vertebradansa.com\/wp-content\/uploads\/2026\/07\/Pati-Tillers-300x180.jpg 300w, https:\/\/vertebradansa.com\/wp-content\/uploads\/2026\/07\/Pati-Tillers-400x240.jpg 400w\" sizes=\"(max-width: 500px) 100vw, 500px\" \/>\t\t\t\t\t\t\t\t<\/a>\n\t\t\t\t\t\t\t\t\t\t\t\t\t\t\t<\/div>\n\t\t\t\t<\/div>\n\t\t\t\t<\/div>\n\t\t<div class=\"locoscroll-bg-animated wolf-core-elementor-row wolf-core-font-light elementor-element elementor-element-a63f2ed wolf-core-font-light locoscroll-bg-parallax e-con-full elementor-hidden-mobile e-flex e-con e-child\" style=\"opacity:0;\" data-scroll=\"\" data-scroll-css-progress=\" \" data-bg-url=\"\" data-scroll-custom-offset=\"\" data-scroll-custom-duration=\"\" data-scroll-class=\"locoscroll-animate\" data-scroll-entrance-animation=\"\" data-font-skin=\"light\" data-color-tone=\"dark\" data-id=\"a63f2ed\" data-element_type=\"container\" data-e-type=\"container\" data-settings=\"{&quot;background_background&quot;:&quot;classic&quot;}\">\n\t\t\t\t<\/div>\n\t\t<div data-scroll-custom-offset=\"\" data-scroll-custom-duration=\"\" data-scroll-css-progress=\"\" data-scroll-class=\"locoscroll-animate\" data-scroll-entrance-animation=\"\" class=\"wolf-core-elementor-row wolf-core-font- elementor-element elementor-element-69ba6e9 e-con-full e-flex e-con e-child\" data-font-skin=\"\" data-color-tone=\"\" data-id=\"69ba6e9\" data-element_type=\"container\" data-e-type=\"container\">\n\t\t<div data-scroll-custom-offset=\"\" data-scroll-custom-duration=\"\" data-scroll-css-progress=\"\" data-scroll-class=\"locoscroll-animate\" data-scroll-entrance-animation=\"\" class=\"wolf-core-elementor-row wolf-core-font- elementor-element elementor-element-80d11d4 e-con-full e-flex e-con e-child\" data-font-skin=\"\" data-color-tone=\"\" data-id=\"80d11d4\" data-element_type=\"container\" data-e-type=\"container\">\n\t\t\t\t<div class=\" elementor-element elementor-element-31d3adc elementor-widget elementor-widget-image\" data-id=\"31d3adc\" data-element_type=\"widget\" data-e-type=\"widget\" data-widget_type=\"image.default\">\n\t\t\t\t\t\t\t\t\t\t\t\t\t\t\t\t<a href=\"https:\/\/maps.app.goo.gl\/DJ67eniqhoQ3NrTF9\" target=\"_blank\">\n\t\t\t\t\t\t\t<img decoding=\"async\" width=\"500\" height=\"300\" src=\"https:\/\/vertebradansa.com\/wp-content\/uploads\/2026\/07\/Placa-de-lAbsis.jpg\" class=\"attachment-large size-large wp-image-18116\" alt=\"\" srcset=\"https:\/\/vertebradansa.com\/wp-content\/uploads\/2026\/07\/Placa-de-lAbsis.jpg 500w, https:\/\/vertebradansa.com\/wp-content\/uploads\/2026\/07\/Placa-de-lAbsis-300x180.jpg 300w, https:\/\/vertebradansa.com\/wp-content\/uploads\/2026\/07\/Placa-de-lAbsis-400x240.jpg 400w\" sizes=\"(max-width: 500px) 100vw, 500px\" \/>\t\t\t\t\t\t\t\t<\/a>\n\t\t\t\t\t\t\t\t\t\t\t\t\t\t\t<\/div>\n\t\t\t\t<\/div>\n\t\t<div data-scroll-custom-offset=\"\" data-scroll-custom-duration=\"\" data-scroll-css-progress=\"\" data-scroll-class=\"locoscroll-animate\" data-scroll-entrance-animation=\"\" class=\"wolf-core-elementor-row wolf-core-font- elementor-element elementor-element-d156173 e-con-full e-flex e-con e-child\" data-font-skin=\"\" data-color-tone=\"\" data-id=\"d156173\" data-element_type=\"container\" data-e-type=\"container\">\n\t\t\t\t<div data-animation=\"paragraph\" data-animation-delay=\"0\" class=\" elementor-element elementor-element-992fe21 animated-text-yes elementor-widget__width-initial elementor-widget elementor-widget-text-editor\" data-id=\"992fe21\" data-element_type=\"widget\" data-e-type=\"widget\" data-widget_type=\"text-editor.default\">\n\t\t\t\t\t\t\t\t\t<a href=\"https:\/\/maps.app.goo.gl\/LuQ6P54XB8a7g2zb6\" target=\"_blank\" rel=\"noopener\">PLA\u00c7A DE L&#8217;ABSIS<\/a>\t\t\t\t\t\t\t\t<\/div>\n\t\t\t\t<div data-animation=\"paragraph\" data-animation-delay=\"0\" class=\" elementor-element elementor-element-4b16a8f animated-text-yes elementor-widget__width-initial elementor-widget elementor-widget-text-editor\" data-id=\"4b16a8f\" data-element_type=\"widget\" data-e-type=\"widget\" data-widget_type=\"text-editor.default\">\n\t\t\t\t\t\t\t\t\tCorredor dels Capellans, 14, Tortosa\t\t\t\t\t\t\t\t<\/div>\n\t\t\t\t<div data-animation=\"paragraph\" data-animation-delay=\"0\" class=\" elementor-element elementor-element-f4dcf34 animated-text-yes elementor-widget__width-initial elementor-widget elementor-widget-text-editor\" data-id=\"f4dcf34\" data-element_type=\"widget\" data-e-type=\"widget\" data-widget_type=\"text-editor.default\">\n\t\t\t\t\t\t\t\t\t<p>Amb la seva caracter\u00edstica configuraci\u00f3 d&#8217;amfiteatre natural, la pla\u00e7a de l&#8217;Absis ser\u00e0 l&#8217;escenari dels espectacles gratu\u00efts del festival els dies 23, 24 i 25 de juliol i de l&#8217;Espai Viu, la mostra dels tallers no professionals, el 16 de juliol.<\/p>\t\t\t\t\t\t\t\t<\/div>\n\t\t\t\t<\/div>\n\t\t\t\t<\/div>\n\t\t<div class=\"locoscroll-bg-animated wolf-core-elementor-row wolf-core-font-light elementor-element elementor-element-fc97c95 wolf-core-font-light locoscroll-bg-parallax e-con-full elementor-hidden-mobile e-flex e-con e-child\" style=\"opacity:0;\" data-scroll=\"\" data-scroll-css-progress=\" \" data-bg-url=\"\" data-scroll-custom-offset=\"\" data-scroll-custom-duration=\"\" data-scroll-class=\"locoscroll-animate\" data-scroll-entrance-animation=\"\" data-font-skin=\"light\" data-color-tone=\"dark\" data-id=\"fc97c95\" data-element_type=\"container\" data-e-type=\"container\" data-settings=\"{&quot;background_background&quot;:&quot;classic&quot;}\">\n\t\t\t\t<\/div>\n\t\t<div data-scroll-custom-offset=\"\" data-scroll-custom-duration=\"\" data-scroll-css-progress=\"\" data-scroll-class=\"locoscroll-animate\" data-scroll-entrance-animation=\"\" class=\"wolf-core-elementor-row wolf-core-font- elementor-element elementor-element-41b4f59 e-con-full e-flex e-con e-child\" data-font-skin=\"\" data-color-tone=\"\" data-id=\"41b4f59\" data-element_type=\"container\" data-e-type=\"container\">\n\t\t\t\t<div class=\" elementor-element elementor-element-d851f6f elementor-hidden-desktop elementor-hidden-tablet elementor-widget__width-initial elementor-widget-mobile__width-initial elementor-widget elementor-widget-image\" data-id=\"d851f6f\" data-element_type=\"widget\" data-e-type=\"widget\" data-widget_type=\"image.default\">\n\t\t\t\t\t\t\t\t\t\t\t\t\t\t\t\t<a href=\"https:\/\/maps.app.goo.gl\/XaCCYLxBMXXkS4QKA\" target=\"_blank\">\n\t\t\t\t\t\t\t<img loading=\"lazy\" decoding=\"async\" width=\"500\" height=\"300\" src=\"https:\/\/vertebradansa.com\/wp-content\/uploads\/2026\/07\/Museu-de-Tortosa.jpg\" class=\"attachment-large size-large wp-image-18110\" alt=\"\" srcset=\"https:\/\/vertebradansa.com\/wp-content\/uploads\/2026\/07\/Museu-de-Tortosa.jpg 500w, https:\/\/vertebradansa.com\/wp-content\/uploads\/2026\/07\/Museu-de-Tortosa-300x180.jpg 300w, https:\/\/vertebradansa.com\/wp-content\/uploads\/2026\/07\/Museu-de-Tortosa-400x240.jpg 400w\" sizes=\"(max-width: 500px) 100vw, 500px\" \/>\t\t\t\t\t\t\t\t<\/a>\n\t\t\t\t\t\t\t\t\t\t\t\t\t\t\t<\/div>\n\t\t<div data-scroll-custom-offset=\"\" data-scroll-custom-duration=\"\" data-scroll-css-progress=\"\" data-scroll-class=\"locoscroll-animate\" data-scroll-entrance-animation=\"\" class=\"wolf-core-elementor-row wolf-core-font- elementor-element elementor-element-d8bcfe8 e-con-full e-flex e-con e-child\" data-font-skin=\"\" data-color-tone=\"\" data-id=\"d8bcfe8\" data-element_type=\"container\" data-e-type=\"container\">\n\t\t\t\t<div data-animation=\"paragraph\" data-animation-delay=\"0\" class=\" elementor-element elementor-element-28ae2a5 animated-text-yes elementor-widget__width-initial elementor-widget elementor-widget-text-editor\" data-id=\"28ae2a5\" data-element_type=\"widget\" data-e-type=\"widget\" data-widget_type=\"text-editor.default\">\n\t\t\t\t\t\t\t\t\t<a href=\"https:\/\/maps.app.goo.gl\/XaCCYLxBMXXkS4QKA\" target=\"_blank\" rel=\"noopener\">MUSEU DE TORTOSA<\/a>\t\t\t\t\t\t\t\t<\/div>\n\t\t\t\t<div data-animation=\"paragraph\" data-animation-delay=\"0\" class=\" elementor-element elementor-element-28befef animated-text-yes elementor-widget__width-initial elementor-widget elementor-widget-text-editor\" data-id=\"28befef\" data-element_type=\"widget\" data-e-type=\"widget\" data-widget_type=\"text-editor.default\">\n\t\t\t\t\t\t\t\t\tRambla Felip Pedrell, 3, Tortosa\n\t\t\t\t\t\t\t\t<\/div>\n\t\t\t\t<div data-animation=\"paragraph\" data-animation-delay=\"0\" class=\" elementor-element elementor-element-1098cdc animated-text-yes elementor-widget__width-initial elementor-widget elementor-widget-text-editor\" data-id=\"1098cdc\" data-element_type=\"widget\" data-e-type=\"widget\" data-widget_type=\"text-editor.default\">\n\t\t\t\t\t\t\t\t\t<p>El pati del Museu de Tortosa acollir\u00e0 l&#8217;actuaci\u00f3 de la Cia. Hotel Iocandi com a part del el Pla de Barris i Viles de l&#8217;ajuntament de Tortosa.<\/p>\t\t\t\t\t\t\t\t<\/div>\n\t\t\t\t<\/div>\n\t\t<div data-scroll-custom-offset=\"\" data-scroll-custom-duration=\"\" data-scroll-css-progress=\"\" data-scroll-class=\"locoscroll-animate\" data-scroll-entrance-animation=\"\" class=\"wolf-core-elementor-row wolf-core-font- elementor-element elementor-element-c24e328 e-con-full e-flex e-con e-child\" data-font-skin=\"\" data-color-tone=\"\" data-id=\"c24e328\" data-element_type=\"container\" data-e-type=\"container\">\n\t\t\t\t<div class=\" elementor-element elementor-element-b5a4cbd elementor-hidden-mobile elementor-widget elementor-widget-image\" data-id=\"b5a4cbd\" data-element_type=\"widget\" data-e-type=\"widget\" data-widget_type=\"image.default\">\n\t\t\t\t\t\t\t\t\t\t\t\t\t\t\t\t<a href=\"https:\/\/maps.app.goo.gl\/XaCCYLxBMXXkS4QKA\" target=\"_blank\">\n\t\t\t\t\t\t\t<img loading=\"lazy\" decoding=\"async\" width=\"500\" height=\"300\" src=\"https:\/\/vertebradansa.com\/wp-content\/uploads\/2026\/07\/Museu-de-Tortosa.jpg\" class=\"attachment-large size-large wp-image-18110\" alt=\"\" srcset=\"https:\/\/vertebradansa.com\/wp-content\/uploads\/2026\/07\/Museu-de-Tortosa.jpg 500w, https:\/\/vertebradansa.com\/wp-content\/uploads\/2026\/07\/Museu-de-Tortosa-300x180.jpg 300w, https:\/\/vertebradansa.com\/wp-content\/uploads\/2026\/07\/Museu-de-Tortosa-400x240.jpg 400w\" sizes=\"(max-width: 500px) 100vw, 500px\" \/>\t\t\t\t\t\t\t\t<\/a>\n\t\t\t\t\t\t\t\t\t\t\t\t\t\t\t<\/div>\n\t\t\t\t<\/div>\n\t\t\t\t<\/div>\n\t\t<div class=\"locoscroll-bg-animated wolf-core-elementor-row wolf-core-font-light elementor-element elementor-element-70bb085 wolf-core-font-light locoscroll-bg-parallax e-con-full elementor-hidden-mobile e-flex e-con e-child\" style=\"opacity:0;\" data-scroll=\"\" data-scroll-css-progress=\" \" data-bg-url=\"\" data-scroll-custom-offset=\"\" data-scroll-custom-duration=\"\" data-scroll-class=\"locoscroll-animate\" data-scroll-entrance-animation=\"\" data-font-skin=\"light\" data-color-tone=\"dark\" data-id=\"70bb085\" data-element_type=\"container\" data-e-type=\"container\" data-settings=\"{&quot;background_background&quot;:&quot;classic&quot;}\">\n\t\t\t\t<\/div>\n\t\t<div data-scroll-custom-offset=\"\" data-scroll-custom-duration=\"\" data-scroll-css-progress=\"\" data-scroll-class=\"locoscroll-animate\" data-scroll-entrance-animation=\"\" class=\"wolf-core-elementor-row wolf-core-font- elementor-element elementor-element-2a3388b e-con-full e-flex e-con e-child\" data-font-skin=\"\" data-color-tone=\"\" data-id=\"2a3388b\" data-element_type=\"container\" data-e-type=\"container\">\n\t\t<div data-scroll-custom-offset=\"\" data-scroll-custom-duration=\"\" data-scroll-css-progress=\"\" data-scroll-class=\"locoscroll-animate\" data-scroll-entrance-animation=\"\" class=\"wolf-core-elementor-row wolf-core-font- elementor-element elementor-element-e4e4ef9 e-con-full e-flex e-con e-child\" data-font-skin=\"\" data-color-tone=\"\" data-id=\"e4e4ef9\" data-element_type=\"container\" data-e-type=\"container\">\n\t\t\t\t<div class=\" elementor-element elementor-element-de68f84 elementor-widget elementor-widget-image\" data-id=\"de68f84\" data-element_type=\"widget\" data-e-type=\"widget\" data-widget_type=\"image.default\">\n\t\t\t\t\t\t\t\t\t\t\t\t\t\t\t\t<a href=\"https:\/\/maps.app.goo.gl\/U5TW5gHbeeBpxqeJ9\" target=\"_blank\">\n\t\t\t\t\t\t\t<img loading=\"lazy\" decoding=\"async\" width=\"500\" height=\"300\" src=\"https:\/\/vertebradansa.com\/wp-content\/uploads\/2026\/07\/INFO-POINT.jpg\" class=\"attachment-large size-large wp-image-18107\" alt=\"\" srcset=\"https:\/\/vertebradansa.com\/wp-content\/uploads\/2026\/07\/INFO-POINT.jpg 500w, https:\/\/vertebradansa.com\/wp-content\/uploads\/2026\/07\/INFO-POINT-300x180.jpg 300w, https:\/\/vertebradansa.com\/wp-content\/uploads\/2026\/07\/INFO-POINT-400x240.jpg 400w\" sizes=\"(max-width: 500px) 100vw, 500px\" \/>\t\t\t\t\t\t\t\t<\/a>\n\t\t\t\t\t\t\t\t\t\t\t\t\t\t\t<\/div>\n\t\t\t\t<\/div>\n\t\t<div data-scroll-custom-offset=\"\" data-scroll-custom-duration=\"\" data-scroll-css-progress=\"\" data-scroll-class=\"locoscroll-animate\" data-scroll-entrance-animation=\"\" class=\"wolf-core-elementor-row wolf-core-font- elementor-element elementor-element-c407317 e-con-full e-flex e-con e-child\" data-font-skin=\"\" data-color-tone=\"\" data-id=\"c407317\" data-element_type=\"container\" data-e-type=\"container\">\n\t\t\t\t<div data-animation=\"paragraph\" data-animation-delay=\"0\" class=\" elementor-element elementor-element-bee2454 animated-text-yes elementor-widget__width-initial elementor-widget elementor-widget-text-editor\" data-id=\"bee2454\" data-element_type=\"widget\" data-e-type=\"widget\" data-widget_type=\"text-editor.default\">\n\t\t\t\t\t\t\t\t\t<a href=\"https:\/\/maps.app.goo.gl\/fMTboqTvPk2Dz28EA\" target=\"_blank\" rel=\"noopener\">INFO POINT<\/a>\t\t\t\t\t\t\t\t<\/div>\n\t\t\t\t<div data-animation=\"paragraph\" data-animation-delay=\"0\" class=\" elementor-element elementor-element-a6056cd animated-text-yes elementor-widget__width-initial elementor-widget elementor-widget-text-editor\" data-id=\"a6056cd\" data-element_type=\"widget\" data-e-type=\"widget\" data-widget_type=\"text-editor.default\">\n\t\t\t\t\t\t\t\t\tAv. de la Generalitat, 72, Tortosa\t\t\t\t\t\t\t\t<\/div>\n\t\t\t\t<div data-animation=\"paragraph\" data-animation-delay=\"0\" class=\" elementor-element elementor-element-68a68e0 animated-text-yes elementor-widget__width-initial elementor-widget elementor-widget-text-editor\" data-id=\"68a68e0\" data-element_type=\"widget\" data-e-type=\"widget\" data-widget_type=\"text-editor.default\">\n\t\t\t\t\t\t\t\t\t<p>Al parc Teodor Gonz\u00e1lez trobar\u00e0s el punt d&#8217;informaci\u00f3 del festival, acostat-hi si tens alguna pregunta o dubte, t&#8217;ajudarem amb tot el que puguem.\u00a0<\/p>\t\t\t\t\t\t\t\t<\/div>\n\t\t\t\t<\/div>\n\t\t\t\t<\/div>\n\t\t<div class=\"locoscroll-bg-animated wolf-core-elementor-row wolf-core-font-light elementor-element elementor-element-13ec988 wolf-core-font-light locoscroll-bg-parallax e-con-full elementor-hidden-mobile e-flex e-con e-child\" style=\"opacity:0;\" data-scroll=\"\" data-scroll-css-progress=\" \" data-bg-url=\"\" data-scroll-custom-offset=\"\" data-scroll-custom-duration=\"\" data-scroll-class=\"locoscroll-animate\" data-scroll-entrance-animation=\"\" data-font-skin=\"light\" data-color-tone=\"dark\" data-id=\"13ec988\" data-element_type=\"container\" data-e-type=\"container\" data-settings=\"{&quot;background_background&quot;:&quot;classic&quot;}\">\n\t\t\t\t<\/div>\n\t\t<div data-scroll-custom-offset=\"\" data-scroll-custom-duration=\"\" data-scroll-css-progress=\"\" data-scroll-class=\"locoscroll-animate\" data-scroll-entrance-animation=\"\" class=\"wolf-core-elementor-row wolf-core-font- elementor-element elementor-element-7548ac7 e-con-full e-flex e-con e-child\" data-font-skin=\"\" data-color-tone=\"\" data-id=\"7548ac7\" data-element_type=\"container\" data-e-type=\"container\">\n\t\t\t\t<div class=\" elementor-element elementor-element-91a3053 elementor-hidden-desktop elementor-hidden-tablet elementor-widget__width-initial elementor-widget-mobile__width-initial elementor-widget elementor-widget-image\" data-id=\"91a3053\" data-element_type=\"widget\" data-e-type=\"widget\" data-widget_type=\"image.default\">\n\t\t\t\t\t\t\t\t\t\t\t\t\t\t\t\t<a href=\"https:\/\/www.google.com\/maps\/place\/Edifici+Seminari\/@40.8072879,0.5249086,18z\/data=!4m15!1m8!3m7!1s0x12a0e4a78a931e8d:0xaae44992f9888ac4!2sSemin%C3%A0ri+Dioces%C3%A0,+43500+Tortosa,+Tarragona!3b1!8m2!3d40.80727!4d0.5256346!16s%2Fg%2F11x6r8jk9r!3m5!1s0x12a0e3587410776f:0x9cc7f7b1797b0391!8m2!3d40.8071788!4d0.5256837!16s%2Fg%2F12hkr7s8b?entry=ttu&#038;g_ep=EgoyMDI2MDMxMS4wIKXMDSoASAFQAw%3D%3D\">\n\t\t\t\t\t\t\t<img loading=\"lazy\" decoding=\"async\" width=\"500\" height=\"300\" src=\"https:\/\/vertebradansa.com\/wp-content\/uploads\/2026\/07\/Seminari.jpg\" class=\"attachment-large size-large wp-image-18132\" alt=\"\" srcset=\"https:\/\/vertebradansa.com\/wp-content\/uploads\/2026\/07\/Seminari.jpg 500w, https:\/\/vertebradansa.com\/wp-content\/uploads\/2026\/07\/Seminari-300x180.jpg 300w, https:\/\/vertebradansa.com\/wp-content\/uploads\/2026\/07\/Seminari-400x240.jpg 400w\" sizes=\"(max-width: 500px) 100vw, 500px\" \/>\t\t\t\t\t\t\t\t<\/a>\n\t\t\t\t\t\t\t\t\t\t\t\t\t\t\t<\/div>\n\t\t<div data-scroll-custom-offset=\"\" data-scroll-custom-duration=\"\" data-scroll-css-progress=\"\" data-scroll-class=\"locoscroll-animate\" data-scroll-entrance-animation=\"\" class=\"wolf-core-elementor-row wolf-core-font- elementor-element elementor-element-3c47ef4 e-con-full e-flex e-con e-child\" data-font-skin=\"\" data-color-tone=\"\" data-id=\"3c47ef4\" data-element_type=\"container\" data-e-type=\"container\">\n\t\t\t\t<div data-animation=\"paragraph\" data-animation-delay=\"0\" class=\" elementor-element elementor-element-a70c4a1 animated-text-yes elementor-widget__width-initial elementor-widget elementor-widget-text-editor\" data-id=\"a70c4a1\" data-element_type=\"widget\" data-e-type=\"widget\" data-widget_type=\"text-editor.default\">\n\t\t\t\t\t\t\t\t\t<a href=\"https:\/\/maps.app.goo.gl\/3mU5g6VrNyaEgbXL7\" target=\"_blank\" rel=\"noopener\">SEMINARI DE TORTOSA<\/a>\t\t\t\t\t\t\t\t<\/div>\n\t\t\t\t<div data-animation=\"paragraph\" data-animation-delay=\"0\" class=\" elementor-element elementor-element-b3df6af animated-text-yes elementor-widget__width-initial elementor-widget elementor-widget-text-editor\" data-id=\"b3df6af\" data-element_type=\"widget\" data-e-type=\"widget\" data-widget_type=\"text-editor.default\">\n\t\t\t\t\t\t\t\t\tPujada del Seminari, Tortosa\t\t\t\t\t\t\t\t<\/div>\n\t\t\t\t<div data-animation=\"paragraph\" data-animation-delay=\"0\" class=\" elementor-element elementor-element-bfd89cb animated-text-yes elementor-widget__width-initial elementor-widget elementor-widget-text-editor\" data-id=\"bfd89cb\" data-element_type=\"widget\" data-e-type=\"widget\" data-widget_type=\"text-editor.default\">\n\t\t\t\t\t\t\t\t\t<p>Els tres itineraris dels programes <strong>Intensive Pro<\/strong> es duran a terme al Seminari de Tortosa.\u00a0<\/p>\t\t\t\t\t\t\t\t<\/div>\n\t\t\t\t<\/div>\n\t\t<div data-scroll-custom-offset=\"\" data-scroll-custom-duration=\"\" data-scroll-css-progress=\"\" data-scroll-class=\"locoscroll-animate\" data-scroll-entrance-animation=\"\" class=\"wolf-core-elementor-row wolf-core-font- elementor-element elementor-element-976bfb0 e-con-full e-flex e-con e-child\" data-font-skin=\"\" data-color-tone=\"\" data-id=\"976bfb0\" data-element_type=\"container\" data-e-type=\"container\">\n\t\t\t\t<div class=\" elementor-element elementor-element-4eeb333 elementor-hidden-mobile elementor-widget elementor-widget-image\" data-id=\"4eeb333\" data-element_type=\"widget\" data-e-type=\"widget\" data-widget_type=\"image.default\">\n\t\t\t\t\t\t\t\t\t\t\t\t\t\t\t\t<a href=\"https:\/\/maps.app.goo.gl\/3mU5g6VrNyaEgbXL7\" target=\"_blank\">\n\t\t\t\t\t\t\t<img loading=\"lazy\" decoding=\"async\" width=\"500\" height=\"300\" src=\"https:\/\/vertebradansa.com\/wp-content\/uploads\/2026\/07\/Seminari.jpg\" class=\"attachment-large size-large wp-image-18132\" alt=\"\" srcset=\"https:\/\/vertebradansa.com\/wp-content\/uploads\/2026\/07\/Seminari.jpg 500w, https:\/\/vertebradansa.com\/wp-content\/uploads\/2026\/07\/Seminari-300x180.jpg 300w, https:\/\/vertebradansa.com\/wp-content\/uploads\/2026\/07\/Seminari-400x240.jpg 400w\" sizes=\"(max-width: 500px) 100vw, 500px\" \/>\t\t\t\t\t\t\t\t<\/a>\n\t\t\t\t\t\t\t\t\t\t\t\t\t\t\t<\/div>\n\t\t\t\t<\/div>\n\t\t\t\t<\/div>\n\t\t<div class=\"locoscroll-bg-animated wolf-core-elementor-row wolf-core-font-light elementor-element elementor-element-0517e63 wolf-core-font-light locoscroll-bg-parallax e-con-full elementor-hidden-mobile e-flex e-con e-child\" style=\"opacity:0;\" data-scroll=\"\" data-scroll-css-progress=\" \" data-bg-url=\"\" data-scroll-custom-offset=\"\" data-scroll-custom-duration=\"\" data-scroll-class=\"locoscroll-animate\" data-scroll-entrance-animation=\"\" data-font-skin=\"light\" data-color-tone=\"dark\" data-id=\"0517e63\" data-element_type=\"container\" data-e-type=\"container\" data-settings=\"{&quot;background_background&quot;:&quot;classic&quot;}\">\n\t\t\t\t<\/div>\n\t\t<div data-scroll-custom-offset=\"\" data-scroll-custom-duration=\"\" data-scroll-css-progress=\"\" data-scroll-class=\"locoscroll-animate\" data-scroll-entrance-animation=\"\" class=\"wolf-core-elementor-row wolf-core-font- elementor-element elementor-element-4678b08 e-con-full e-flex e-con e-child\" data-font-skin=\"\" data-color-tone=\"\" data-id=\"4678b08\" data-element_type=\"container\" data-e-type=\"container\">\n\t\t<div data-scroll-custom-offset=\"\" data-scroll-custom-duration=\"\" data-scroll-css-progress=\"\" data-scroll-class=\"locoscroll-animate\" data-scroll-entrance-animation=\"\" class=\"wolf-core-elementor-row wolf-core-font- elementor-element elementor-element-c186f64 e-con-full e-flex e-con e-child\" data-font-skin=\"\" data-color-tone=\"\" data-id=\"c186f64\" data-element_type=\"container\" data-e-type=\"container\">\n\t\t\t\t<div class=\" elementor-element elementor-element-3e08a77 elementor-widget elementor-widget-image\" data-id=\"3e08a77\" data-element_type=\"widget\" data-e-type=\"widget\" data-widget_type=\"image.default\">\n\t\t\t\t\t\t\t\t\t\t\t\t\t\t\t\t<a href=\"https:\/\/maps.app.goo.gl\/3fhrQsgV31yDsSUY9\" target=\"_blank\">\n\t\t\t\t\t\t\t<img loading=\"lazy\" decoding=\"async\" width=\"500\" height=\"300\" src=\"https:\/\/vertebradansa.com\/wp-content\/uploads\/2026\/07\/Auditori.jpg\" class=\"attachment-large size-large wp-image-18128\" alt=\"\" srcset=\"https:\/\/vertebradansa.com\/wp-content\/uploads\/2026\/07\/Auditori.jpg 500w, https:\/\/vertebradansa.com\/wp-content\/uploads\/2026\/07\/Auditori-300x180.jpg 300w, https:\/\/vertebradansa.com\/wp-content\/uploads\/2026\/07\/Auditori-400x240.jpg 400w\" sizes=\"(max-width: 500px) 100vw, 500px\" \/>\t\t\t\t\t\t\t\t<\/a>\n\t\t\t\t\t\t\t\t\t\t\t\t\t\t\t<\/div>\n\t\t\t\t<\/div>\n\t\t<div data-scroll-custom-offset=\"\" data-scroll-custom-duration=\"\" data-scroll-css-progress=\"\" data-scroll-class=\"locoscroll-animate\" data-scroll-entrance-animation=\"\" class=\"wolf-core-elementor-row wolf-core-font- elementor-element elementor-element-3e01118 e-con-full e-flex e-con e-child\" data-font-skin=\"\" data-color-tone=\"\" data-id=\"3e01118\" data-element_type=\"container\" data-e-type=\"container\">\n\t\t\t\t<div data-animation=\"paragraph\" data-animation-delay=\"0\" class=\" elementor-element elementor-element-1b94523 animated-text-yes elementor-widget__width-initial elementor-widget elementor-widget-text-editor\" data-id=\"1b94523\" data-element_type=\"widget\" data-e-type=\"widget\" data-widget_type=\"text-editor.default\">\n\t\t\t\t\t\t\t\t\t<a href=\"https:\/\/maps.app.goo.gl\/3fhrQsgV31yDsSUY9\" target=\"_blank\" rel=\"noopener\">AUDITORI FELIP PEDRELL<\/a>\t\t\t\t\t\t\t\t<\/div>\n\t\t\t\t<div data-animation=\"paragraph\" data-animation-delay=\"0\" class=\" elementor-element elementor-element-7010431 animated-text-yes elementor-widget__width-initial elementor-widget elementor-widget-text-editor\" data-id=\"7010431\" data-element_type=\"widget\" data-e-type=\"widget\" data-widget_type=\"text-editor.default\">\n\t\t\t\t\t\t\t\t\tPasseig de Ribera, 11, Tortosa\t\t\t\t\t\t\t\t<\/div>\n\t\t\t\t<div data-animation=\"paragraph\" data-animation-delay=\"0\" class=\" elementor-element elementor-element-d05b8ec animated-text-yes elementor-widget__width-initial elementor-widget elementor-widget-text-editor\" data-id=\"d05b8ec\" data-element_type=\"widget\" data-e-type=\"widget\" data-widget_type=\"text-editor.default\">\n\t\t\t\t\t\t\t\t\t<p>L&#8217;auditori Felip Pedrell ser\u00e0 l&#8217;espai de treball del taller professional monogr\u00e0fic dirigit per Wim Vandekeybus.<\/p>\t\t\t\t\t\t\t\t<\/div>\n\t\t\t\t<\/div>\n\t\t\t\t<\/div>\n\t\t<div class=\"locoscroll-bg-animated wolf-core-elementor-row wolf-core-font-light elementor-element elementor-element-9a89a15 wolf-core-font-light locoscroll-bg-parallax e-con-full elementor-hidden-mobile e-flex e-con e-child\" style=\"opacity:0;\" data-scroll=\"\" data-scroll-css-progress=\" \" data-bg-url=\"\" data-scroll-custom-offset=\"\" data-scroll-custom-duration=\"\" data-scroll-class=\"locoscroll-animate\" data-scroll-entrance-animation=\"\" data-font-skin=\"light\" data-color-tone=\"dark\" data-id=\"9a89a15\" data-element_type=\"container\" data-e-type=\"container\" data-settings=\"{&quot;background_background&quot;:&quot;classic&quot;}\">\n\t\t\t\t<\/div>\n\t\t<div data-scroll-custom-offset=\"\" data-scroll-custom-duration=\"\" data-scroll-css-progress=\"\" data-scroll-class=\"locoscroll-animate\" data-scroll-entrance-animation=\"\" class=\"wolf-core-elementor-row wolf-core-font- elementor-element elementor-element-9df296e e-con-full e-flex e-con e-child\" data-font-skin=\"\" data-color-tone=\"\" data-id=\"9df296e\" data-element_type=\"container\" data-e-type=\"container\">\n\t\t\t\t<div class=\" elementor-element elementor-element-c3b2ad8 elementor-hidden-desktop elementor-hidden-tablet elementor-widget__width-initial elementor-widget-mobile__width-initial elementor-widget elementor-widget-image\" data-id=\"c3b2ad8\" data-element_type=\"widget\" data-e-type=\"widget\" data-widget_type=\"image.default\">\n\t\t\t\t\t\t\t\t\t\t\t\t\t\t\t\t<a href=\"https:\/\/maps.app.goo.gl\/fWnqigBepsLXgPZu8\">\n\t\t\t\t\t\t\t<img loading=\"lazy\" decoding=\"async\" width=\"500\" height=\"300\" src=\"https:\/\/vertebradansa.com\/wp-content\/uploads\/2026\/07\/Centre-de-Dansa-Neus-Rodes.jpg\" class=\"attachment-large size-large wp-image-18104\" alt=\"\" srcset=\"https:\/\/vertebradansa.com\/wp-content\/uploads\/2026\/07\/Centre-de-Dansa-Neus-Rodes.jpg 500w, https:\/\/vertebradansa.com\/wp-content\/uploads\/2026\/07\/Centre-de-Dansa-Neus-Rodes-300x180.jpg 300w, https:\/\/vertebradansa.com\/wp-content\/uploads\/2026\/07\/Centre-de-Dansa-Neus-Rodes-400x240.jpg 400w\" sizes=\"(max-width: 500px) 100vw, 500px\" \/>\t\t\t\t\t\t\t\t<\/a>\n\t\t\t\t\t\t\t\t\t\t\t\t\t\t\t<\/div>\n\t\t<div data-scroll-custom-offset=\"\" data-scroll-custom-duration=\"\" data-scroll-css-progress=\"\" data-scroll-class=\"locoscroll-animate\" data-scroll-entrance-animation=\"\" class=\"wolf-core-elementor-row wolf-core-font- elementor-element elementor-element-5d3da68 e-con-full e-flex e-con e-child\" data-font-skin=\"\" data-color-tone=\"\" data-id=\"5d3da68\" data-element_type=\"container\" data-e-type=\"container\">\n\t\t\t\t<div data-animation=\"paragraph\" data-animation-delay=\"0\" class=\" elementor-element elementor-element-59f6b57 animated-text-yes elementor-widget__width-initial elementor-widget elementor-widget-text-editor\" data-id=\"59f6b57\" data-element_type=\"widget\" data-e-type=\"widget\" data-widget_type=\"text-editor.default\">\n\t\t\t\t\t\t\t\t\tCENTRE DE DANSA <a href=\"https:\/\/maps.app.goo.gl\/fWnqigBepsLXgPZu8\">NEUS ROD\u00c9S<\/a>\t\t\t\t\t\t\t\t<\/div>\n\t\t\t\t<div data-animation=\"paragraph\" data-animation-delay=\"0\" class=\" elementor-element elementor-element-34c2469 animated-text-yes elementor-widget__width-initial elementor-widget elementor-widget-text-editor\" data-id=\"34c2469\" data-element_type=\"widget\" data-e-type=\"widget\" data-widget_type=\"text-editor.default\">\n\t\t\t\t\t\t\t\t\tPasseig de Jaume I, 6, Tortosa\t\t\t\t\t\t\t\t<\/div>\n\t\t\t\t<div data-animation=\"paragraph\" data-animation-delay=\"0\" class=\" elementor-element elementor-element-172aa13 animated-text-yes elementor-widget__width-initial elementor-widget elementor-widget-text-editor\" data-id=\"172aa13\" data-element_type=\"widget\" data-e-type=\"widget\" data-widget_type=\"text-editor.default\">\n\t\t\t\t\t\t\t\t\t<p>El Centre de Dansa acollir\u00e0 les sessions del taller professional monogr\u00e0fic liderat per la companyia Peepping Tom.<\/p>\t\t\t\t\t\t\t\t<\/div>\n\t\t\t\t<\/div>\n\t\t<div data-scroll-custom-offset=\"\" data-scroll-custom-duration=\"\" data-scroll-css-progress=\"\" data-scroll-class=\"locoscroll-animate\" data-scroll-entrance-animation=\"\" class=\"wolf-core-elementor-row wolf-core-font- elementor-element elementor-element-87e211a e-con-full e-flex e-con e-child\" data-font-skin=\"\" data-color-tone=\"\" data-id=\"87e211a\" data-element_type=\"container\" data-e-type=\"container\">\n\t\t\t\t<div class=\" elementor-element elementor-element-7c4b3a4 elementor-hidden-mobile elementor-widget elementor-widget-image\" data-id=\"7c4b3a4\" data-element_type=\"widget\" data-e-type=\"widget\" data-widget_type=\"image.default\">\n\t\t\t\t\t\t\t\t\t\t\t\t\t\t\t\t<a href=\"https:\/\/maps.app.goo.gl\/fWnqigBepsLXgPZu8\" target=\"_blank\">\n\t\t\t\t\t\t\t<img loading=\"lazy\" decoding=\"async\" width=\"500\" height=\"300\" src=\"https:\/\/vertebradansa.com\/wp-content\/uploads\/2026\/07\/Centre-de-Dansa-Neus-Rodes.jpg\" class=\"attachment-large size-large wp-image-18104\" alt=\"\" srcset=\"https:\/\/vertebradansa.com\/wp-content\/uploads\/2026\/07\/Centre-de-Dansa-Neus-Rodes.jpg 500w, https:\/\/vertebradansa.com\/wp-content\/uploads\/2026\/07\/Centre-de-Dansa-Neus-Rodes-300x180.jpg 300w, https:\/\/vertebradansa.com\/wp-content\/uploads\/2026\/07\/Centre-de-Dansa-Neus-Rodes-400x240.jpg 400w\" sizes=\"(max-width: 500px) 100vw, 500px\" \/>\t\t\t\t\t\t\t\t<\/a>\n\t\t\t\t\t\t\t\t\t\t\t\t\t\t\t<\/div>\n\t\t\t\t<\/div>\n\t\t\t\t<\/div>\n\t\t<div class=\"locoscroll-bg-animated wolf-core-elementor-row wolf-core-font-light elementor-element elementor-element-ba0de0e wolf-core-font-light locoscroll-bg-parallax e-con-full elementor-hidden-mobile e-flex e-con e-child\" style=\"opacity:0;\" data-scroll=\"\" data-scroll-css-progress=\" \" data-bg-url=\"\" data-scroll-custom-offset=\"\" data-scroll-custom-duration=\"\" data-scroll-class=\"locoscroll-animate\" data-scroll-entrance-animation=\"\" data-font-skin=\"light\" data-color-tone=\"dark\" data-id=\"ba0de0e\" data-element_type=\"container\" data-e-type=\"container\" data-settings=\"{&quot;background_background&quot;:&quot;classic&quot;}\">\n\t\t\t\t<\/div>\n\t\t<div data-scroll-custom-offset=\"\" data-scroll-custom-duration=\"\" data-scroll-css-progress=\"\" data-scroll-class=\"locoscroll-animate\" data-scroll-entrance-animation=\"\" class=\"wolf-core-elementor-row wolf-core-font- elementor-element elementor-element-6dedb40 e-con-full e-flex e-con e-child\" data-font-skin=\"\" data-color-tone=\"\" data-id=\"6dedb40\" data-element_type=\"container\" data-e-type=\"container\">\n\t\t<div data-scroll-custom-offset=\"\" data-scroll-custom-duration=\"\" data-scroll-css-progress=\"\" data-scroll-class=\"locoscroll-animate\" data-scroll-entrance-animation=\"\" class=\"wolf-core-elementor-row wolf-core-font- elementor-element elementor-element-f6853b6 e-con-full e-flex e-con e-child\" data-font-skin=\"\" data-color-tone=\"\" data-id=\"f6853b6\" data-element_type=\"container\" data-e-type=\"container\">\n\t\t\t\t<div class=\" elementor-element elementor-element-80f1d91 elementor-widget elementor-widget-image\" data-id=\"80f1d91\" data-element_type=\"widget\" data-e-type=\"widget\" data-widget_type=\"image.default\">\n\t\t\t\t\t\t\t\t\t\t\t\t\t\t\t\t<a href=\"https:\/\/maps.app.goo.gl\/pJrp8mx53eJJnXx66\" target=\"_blank\">\n\t\t\t\t\t\t\t<img loading=\"lazy\" decoding=\"async\" width=\"500\" height=\"300\" src=\"https:\/\/vertebradansa.com\/wp-content\/uploads\/2026\/07\/Carpa-Xirin.jpg\" class=\"attachment-large size-large wp-image-18125\" alt=\"\" srcset=\"https:\/\/vertebradansa.com\/wp-content\/uploads\/2026\/07\/Carpa-Xirin.jpg 500w, https:\/\/vertebradansa.com\/wp-content\/uploads\/2026\/07\/Carpa-Xirin-300x180.jpg 300w, https:\/\/vertebradansa.com\/wp-content\/uploads\/2026\/07\/Carpa-Xirin-400x240.jpg 400w\" sizes=\"(max-width: 500px) 100vw, 500px\" \/>\t\t\t\t\t\t\t\t<\/a>\n\t\t\t\t\t\t\t\t\t\t\t\t\t\t\t<\/div>\n\t\t\t\t<\/div>\n\t\t<div data-scroll-custom-offset=\"\" data-scroll-custom-duration=\"\" data-scroll-css-progress=\"\" data-scroll-class=\"locoscroll-animate\" data-scroll-entrance-animation=\"\" class=\"wolf-core-elementor-row wolf-core-font- elementor-element elementor-element-7208f24 e-con-full e-flex e-con e-child\" data-font-skin=\"\" data-color-tone=\"\" data-id=\"7208f24\" data-element_type=\"container\" data-e-type=\"container\">\n\t\t\t\t<div data-animation=\"paragraph\" data-animation-delay=\"0\" class=\" elementor-element elementor-element-b914bc8 animated-text-yes elementor-widget__width-initial elementor-widget elementor-widget-text-editor\" data-id=\"b914bc8\" data-element_type=\"widget\" data-e-type=\"widget\" data-widget_type=\"text-editor.default\">\n\t\t\t\t\t\t\t\t\t<a href=\"https:\/\/maps.app.goo.gl\/pJrp8mx53eJJnXx66\" target=\"_blank\" rel=\"noopener\">CARPA XIRIN<\/a>\t\t\t\t\t\t\t\t<\/div>\n\t\t\t\t<div data-animation=\"paragraph\" data-animation-delay=\"0\" class=\" elementor-element elementor-element-957a089 animated-text-yes elementor-widget__width-initial elementor-widget elementor-widget-text-editor\" data-id=\"957a089\" data-element_type=\"widget\" data-e-type=\"widget\" data-widget_type=\"text-editor.default\">\n\t\t\t\t\t\t\t\t\tAv. de la Generalitat, 72, Tortosa\t\t\t\t\t\t\t\t<\/div>\n\t\t\t\t<div data-animation=\"paragraph\" data-animation-delay=\"0\" class=\" elementor-element elementor-element-e6518a5 animated-text-yes elementor-widget__width-initial elementor-widget elementor-widget-text-editor\" data-id=\"e6518a5\" data-element_type=\"widget\" data-e-type=\"widget\" data-widget_type=\"text-editor.default\">\n\t\t\t\t\t\t\t\t\t<p>La Carpa Xirin, situada al passeig central del Parc Teodor Gonz\u00e1lez de Tortosa acollir\u00e0 durant el dia les activitats de l&#8217;Espai Viu (tallers no professionals) i als vespres les sessions de DJ del festival. A m\u00e9s, el dissabte 25 de juliol a les 10h hi tindran lloc el col\u00b7loqui i el taller de Sa\u00efd Gharbi.\u00a0<\/p>\t\t\t\t\t\t\t\t<\/div>\n\t\t\t\t<\/div>\n\t\t\t\t<\/div>\n\t\t<div class=\"locoscroll-bg-animated wolf-core-elementor-row wolf-core-font-light elementor-element elementor-element-28b953d wolf-core-font-light locoscroll-bg-parallax e-con-full elementor-hidden-mobile e-flex e-con e-child\" style=\"opacity:0;\" data-scroll=\"\" data-scroll-css-progress=\" \" data-bg-url=\"\" data-scroll-custom-offset=\"\" data-scroll-custom-duration=\"\" data-scroll-class=\"locoscroll-animate\" data-scroll-entrance-animation=\"\" data-font-skin=\"light\" data-color-tone=\"dark\" data-id=\"28b953d\" data-element_type=\"container\" data-e-type=\"container\" data-settings=\"{&quot;background_background&quot;:&quot;classic&quot;}\">\n\t\t\t\t<\/div>\n\t\t<div data-scroll-custom-offset=\"\" data-scroll-custom-duration=\"\" data-scroll-css-progress=\"\" data-scroll-class=\"locoscroll-animate\" data-scroll-entrance-animation=\"\" class=\"wolf-core-elementor-row wolf-core-font- elementor-element elementor-element-09d2562 e-con-full e-flex e-con e-child\" data-font-skin=\"\" data-color-tone=\"\" data-id=\"09d2562\" data-element_type=\"container\" data-e-type=\"container\">\n\t\t\t\t<div class=\" elementor-element elementor-element-feaa7c4 elementor-hidden-desktop elementor-hidden-tablet elementor-widget__width-initial elementor-widget-mobile__width-initial elementor-widget elementor-widget-image\" data-id=\"feaa7c4\" data-element_type=\"widget\" data-e-type=\"widget\" data-widget_type=\"image.default\">\n\t\t\t\t\t\t\t\t\t\t\t\t\t\t\t\t<a href=\"https:\/\/maps.app.goo.gl\/diidmf6Tg6bx6VaG6\">\n\t\t\t\t\t\t\t<img loading=\"lazy\" decoding=\"async\" width=\"500\" height=\"300\" src=\"https:\/\/vertebradansa.com\/wp-content\/uploads\/2026\/07\/Casal-Tortosi.jpg\" class=\"attachment-large size-large wp-image-18135\" alt=\"\" srcset=\"https:\/\/vertebradansa.com\/wp-content\/uploads\/2026\/07\/Casal-Tortosi.jpg 500w, https:\/\/vertebradansa.com\/wp-content\/uploads\/2026\/07\/Casal-Tortosi-300x180.jpg 300w, https:\/\/vertebradansa.com\/wp-content\/uploads\/2026\/07\/Casal-Tortosi-400x240.jpg 400w\" sizes=\"(max-width: 500px) 100vw, 500px\" \/>\t\t\t\t\t\t\t\t<\/a>\n\t\t\t\t\t\t\t\t\t\t\t\t\t\t\t<\/div>\n\t\t<div data-scroll-custom-offset=\"\" data-scroll-custom-duration=\"\" data-scroll-css-progress=\"\" data-scroll-class=\"locoscroll-animate\" data-scroll-entrance-animation=\"\" class=\"wolf-core-elementor-row wolf-core-font- elementor-element elementor-element-41a3975 e-con-full e-flex e-con e-child\" data-font-skin=\"\" data-color-tone=\"\" data-id=\"41a3975\" data-element_type=\"container\" data-e-type=\"container\">\n\t\t\t\t<div data-animation=\"paragraph\" data-animation-delay=\"0\" class=\" elementor-element elementor-element-7602b2a animated-text-yes elementor-widget__width-initial elementor-widget elementor-widget-text-editor\" data-id=\"7602b2a\" data-element_type=\"widget\" data-e-type=\"widget\" data-widget_type=\"text-editor.default\">\n\t\t\t\t\t\t\t\t\t<a href=\"https:\/\/maps.app.goo.gl\/3jxAksPmtzWH8BJn8\" target=\"_blank\" rel=\"noopener\">CASAL TORTOS\u00cd<\/a>\t\t\t\t\t\t\t\t<\/div>\n\t\t\t\t<div data-animation=\"paragraph\" data-animation-delay=\"0\" class=\" elementor-element elementor-element-f1ce287 animated-text-yes elementor-widget__width-initial elementor-widget elementor-widget-text-editor\" data-id=\"f1ce287\" data-element_type=\"widget\" data-e-type=\"widget\" data-widget_type=\"text-editor.default\">\n\t\t\t\t\t\t\t\t\tPla\u00e7a de Sant Joan, 5, Tortosa\t\t\t\t\t\t\t\t<\/div>\n\t\t\t\t<div data-animation=\"paragraph\" data-animation-delay=\"0\" class=\" elementor-element elementor-element-1b40f2c animated-text-yes elementor-widget__width-initial elementor-widget elementor-widget-text-editor\" data-id=\"1b40f2c\" data-element_type=\"widget\" data-e-type=\"widget\" data-widget_type=\"text-editor.default\">\n\t\t\t\t\t\t\t\t\t<p>El Casal Tortos\u00ed \u00e9s l&#8217;espai escollit per portar a terme un dels programes emblem\u00e0tics del festival: la Creaci\u00f3 VERTEBRA DANSA, un proc\u00e9s de creaci\u00f3 participativa amb la participaci\u00f3 de persones de col\u00b7lectius diversos del territori.<\/p>\t\t\t\t\t\t\t\t<\/div>\n\t\t\t\t<\/div>\n\t\t<div data-scroll-custom-offset=\"\" data-scroll-custom-duration=\"\" data-scroll-css-progress=\"\" data-scroll-class=\"locoscroll-animate\" data-scroll-entrance-animation=\"\" class=\"wolf-core-elementor-row wolf-core-font- elementor-element elementor-element-915bc2d e-con-full e-flex e-con e-child\" data-font-skin=\"\" data-color-tone=\"\" data-id=\"915bc2d\" data-element_type=\"container\" data-e-type=\"container\">\n\t\t\t\t<div class=\" elementor-element elementor-element-47ea6e1 elementor-hidden-mobile elementor-widget elementor-widget-image\" data-id=\"47ea6e1\" data-element_type=\"widget\" data-e-type=\"widget\" data-widget_type=\"image.default\">\n\t\t\t\t\t\t\t\t\t\t\t\t\t\t\t\t<a href=\"https:\/\/maps.app.goo.gl\/diidmf6Tg6bx6VaG6\" target=\"_blank\">\n\t\t\t\t\t\t\t<img loading=\"lazy\" decoding=\"async\" width=\"500\" height=\"300\" src=\"https:\/\/vertebradansa.com\/wp-content\/uploads\/2026\/07\/Casal-Tortosi.jpg\" class=\"attachment-large size-large wp-image-18135\" alt=\"\" srcset=\"https:\/\/vertebradansa.com\/wp-content\/uploads\/2026\/07\/Casal-Tortosi.jpg 500w, https:\/\/vertebradansa.com\/wp-content\/uploads\/2026\/07\/Casal-Tortosi-300x180.jpg 300w, https:\/\/vertebradansa.com\/wp-content\/uploads\/2026\/07\/Casal-Tortosi-400x240.jpg 400w\" sizes=\"(max-width: 500px) 100vw, 500px\" \/>\t\t\t\t\t\t\t\t<\/a>\n\t\t\t\t\t\t\t\t\t\t\t\t\t\t\t<\/div>\n\t\t\t\t<\/div>\n\t\t\t\t<\/div>\n\t\t<div class=\"locoscroll-bg-animated wolf-core-elementor-row wolf-core-font-light elementor-element elementor-element-fc7dfc9 wolf-core-font-light locoscroll-bg-parallax e-con-full elementor-hidden-mobile e-flex e-con e-child\" style=\"opacity:0;\" data-scroll=\"\" data-scroll-css-progress=\" \" data-bg-url=\"\" data-scroll-custom-offset=\"\" data-scroll-custom-duration=\"\" data-scroll-class=\"locoscroll-animate\" data-scroll-entrance-animation=\"\" data-font-skin=\"light\" data-color-tone=\"dark\" data-id=\"fc7dfc9\" data-element_type=\"container\" data-e-type=\"container\" data-settings=\"{&quot;background_background&quot;:&quot;classic&quot;}\">\n\t\t\t\t<\/div>\n\t\t<div data-scroll-custom-offset=\"\" data-scroll-custom-duration=\"\" data-scroll-css-progress=\"\" data-scroll-class=\"locoscroll-animate\" data-scroll-entrance-animation=\"\" class=\"wolf-core-elementor-row wolf-core-font- elementor-element elementor-element-4c1eba2 e-con-full e-flex e-con e-child\" data-font-skin=\"\" data-color-tone=\"\" data-id=\"4c1eba2\" data-element_type=\"container\" data-e-type=\"container\">\n\t\t<div data-scroll-custom-offset=\"\" data-scroll-custom-duration=\"\" data-scroll-css-progress=\"\" data-scroll-class=\"locoscroll-animate\" data-scroll-entrance-animation=\"\" class=\"wolf-core-elementor-row wolf-core-font- elementor-element elementor-element-3609d8e e-con-full e-flex e-con e-child\" data-font-skin=\"\" data-color-tone=\"\" data-id=\"3609d8e\" data-element_type=\"container\" data-e-type=\"container\">\n\t\t\t\t<div class=\" elementor-element elementor-element-6c171d0 elementor-widget elementor-widget-image\" data-id=\"6c171d0\" data-element_type=\"widget\" data-e-type=\"widget\" data-widget_type=\"image.default\">\n\t\t\t\t\t\t\t\t\t\t\t\t\t\t\t\t<a href=\"https:\/\/maps.app.goo.gl\/W73KQpT4ubG99DtGA\" target=\"_blank\">\n\t\t\t\t\t\t\t<img loading=\"lazy\" decoding=\"async\" width=\"500\" height=\"300\" src=\"https:\/\/vertebradansa.com\/wp-content\/uploads\/2026\/07\/Llac-Vell.jpg\" class=\"attachment-large size-large wp-image-18122\" alt=\"\" srcset=\"https:\/\/vertebradansa.com\/wp-content\/uploads\/2026\/07\/Llac-Vell.jpg 500w, https:\/\/vertebradansa.com\/wp-content\/uploads\/2026\/07\/Llac-Vell-300x180.jpg 300w, https:\/\/vertebradansa.com\/wp-content\/uploads\/2026\/07\/Llac-Vell-400x240.jpg 400w\" sizes=\"(max-width: 500px) 100vw, 500px\" \/>\t\t\t\t\t\t\t\t<\/a>\n\t\t\t\t\t\t\t\t\t\t\t\t\t\t\t<\/div>\n\t\t\t\t<\/div>\n\t\t<div data-scroll-custom-offset=\"\" data-scroll-custom-duration=\"\" data-scroll-css-progress=\"\" data-scroll-class=\"locoscroll-animate\" data-scroll-entrance-animation=\"\" class=\"wolf-core-elementor-row wolf-core-font- elementor-element elementor-element-942644c e-con-full e-flex e-con e-child\" data-font-skin=\"\" data-color-tone=\"\" data-id=\"942644c\" data-element_type=\"container\" data-e-type=\"container\">\n\t\t\t\t<div data-animation=\"paragraph\" data-animation-delay=\"0\" class=\" elementor-element elementor-element-2aec200 animated-text-yes elementor-widget__width-initial elementor-widget elementor-widget-text-editor\" data-id=\"2aec200\" data-element_type=\"widget\" data-e-type=\"widget\" data-widget_type=\"text-editor.default\">\n\t\t\t\t\t\t\t\t\t<a href=\"https:\/\/maps.app.goo.gl\/W73KQpT4ubG99DtGA\" target=\"_blank\" rel=\"noopener\">LLAC VELL<\/a>\t\t\t\t\t\t\t\t<\/div>\n\t\t\t\t<div data-animation=\"paragraph\" data-animation-delay=\"0\" class=\" elementor-element elementor-element-6ec92f2 animated-text-yes elementor-widget__width-initial elementor-widget elementor-widget-text-editor\" data-id=\"6ec92f2\" data-element_type=\"widget\" data-e-type=\"widget\" data-widget_type=\"text-editor.default\">\n\t\t\t\t\t\t\t\t\tPasseig de Joan Moreira, 3, Tortosa\t\t\t\t\t\t\t\t<\/div>\n\t\t\t\t<div data-animation=\"paragraph\" data-animation-delay=\"0\" class=\" elementor-element elementor-element-53a21b9 animated-text-yes elementor-widget__width-initial elementor-widget elementor-widget-text-editor\" data-id=\"53a21b9\" data-element_type=\"widget\" data-e-type=\"widget\" data-widget_type=\"text-editor.default\">\n\t\t\t\t\t\t\t\t\t<p>El Llac Vell del Parc Teodor Gonz\u00e1lez acollir\u00e0 el col\u00b7loqui de Daniel Mariblanca el dimecres 22 de juliol.\u00a0<\/p>\t\t\t\t\t\t\t\t<\/div>\n\t\t\t\t<\/div>\n\t\t\t\t<\/div>\n\t\t\t\t\t<\/div>\n\t\t\t\t<\/div>\n\t\t<div class=\"locoscroll-bg-animated wolf-core-elementor-row wolf-core-font-light elementor-element elementor-element-7e798e5 wolf-core-font-light locoscroll-bg-parallax e-flex e-con-boxed e-con e-parent\" style=\"opacity:0;\" data-scroll=\"\" data-scroll-css-progress=\" \" data-bg-url=\"\" data-scroll-custom-offset=\"\" data-scroll-custom-duration=\"\" data-scroll-class=\"locoscroll-animate\" data-scroll-entrance-animation=\"\" data-font-skin=\"light\" data-color-tone=\"dark\" data-id=\"7e798e5\" data-element_type=\"container\" data-e-type=\"container\" data-settings=\"{&quot;background_background&quot;:&quot;classic&quot;}\">\n\t\t\t\t\t<div class=\"e-con-inner\">\n\t\t\t\t\t<\/div>\n\t\t\t\t<\/div>\n\t\t\t\t<\/div>\n\t\t","protected":false},"excerpt":{"rendered":"<p>ESPAIS Vertebra Dansa transforma Tortosa en un gran escenari obert, on cada espai es converteix en un punt de trobada entre la creaci\u00f3, la formaci\u00f3 i el p\u00fablic. Des de sales dedicades als tallers professionals fins a places, parcs i espais patrimonials que acullen espectacles i activitats, el festival s&#8217;est\u00e9n per la ciutat per crear&#8230;<\/p>\n<p><a rel=\"bookmark\" class=\"theme-button-text wolf-core-button wolf-core-button-size-md\" href=\"https:\/\/vertebradansa.com\/ca\/espais\/\"><span>Continue reading<\/span><\/a><\/p>\n","protected":false},"author":1,"featured_media":0,"parent":0,"menu_order":0,"comment_status":"closed","ping_status":"closed","template":"","meta":{"footnotes":""},"class_list":["post-17771","page","type-page","status-publish","hentry","entry","clearfix","entry-grid","entry-columns-default","entry-page-module-layout-standard","no-post-thumbnail","entry-page","entry-page-grid"],"_links":{"self":[{"href":"https:\/\/vertebradansa.com\/ca\/wp-json\/wp\/v2\/pages\/17771","targetHints":{"allow":["GET"]}}],"collection":[{"href":"https:\/\/vertebradansa.com\/ca\/wp-json\/wp\/v2\/pages"}],"about":[{"href":"https:\/\/vertebradansa.com\/ca\/wp-json\/wp\/v2\/types\/page"}],"author":[{"embeddable":true,"href":"https:\/\/vertebradansa.com\/ca\/wp-json\/wp\/v2\/users\/1"}],"replies":[{"embeddable":true,"href":"https:\/\/vertebradansa.com\/ca\/wp-json\/wp\/v2\/comments?post=17771"}],"version-history":[{"count":111,"href":"https:\/\/vertebradansa.com\/ca\/wp-json\/wp\/v2\/pages\/17771\/revisions"}],"predecessor-version":[{"id":18218,"href":"https:\/\/vertebradansa.com\/ca\/wp-json\/wp\/v2\/pages\/17771\/revisions\/18218"}],"wp:attachment":[{"href":"https:\/\/vertebradansa.com\/ca\/wp-json\/wp\/v2\/media?parent=17771"}],"curies":[{"name":"wp","href":"https:\/\/api.w.org\/{rel}","templated":true}]}}